{"id":6949,"date":"2025-02-21T13:48:30","date_gmt":"2025-02-21T12:48:30","guid":{"rendered":"https:\/\/www.playabrava.com\/costa-brava\/platges-i-cales\/"},"modified":"2025-04-16T14:58:28","modified_gmt":"2025-04-16T12:58:28","slug":"straende-buchten","status":"publish","type":"page","link":"https:\/\/www.playabrava.com\/de\/costa-brava\/straende-buchten\/","title":{"rendered":"Str\u00e4nde &amp; Buchten"},"content":{"rendered":"\n<div class=\"wp-block-cover alignfull has-custom-content-position is-position-bottom-center\" style=\"border-bottom-left-radius:50px;border-bottom-right-radius:50px;margin-top:0;margin-bottom:0;min-height:70vh;aspect-ratio:unset;\"><span aria-hidden=\"true\" class=\"wp-block-cover__background has-background-dim-20 has-background-dim\"><\/span><img loading=\"lazy\" decoding=\"async\" width=\"1920\" height=\"1286\" class=\"wp-block-cover__image-background wp-image-5818\" alt=\"\" src=\"https:\/\/www.playabrava.com\/wp-content\/uploads\/platges-top.webp\" style=\"object-position:51% 83%\" data-object-fit=\"cover\" data-object-position=\"51% 83%\" srcset=\"https:\/\/www.playabrava.com\/wp-content\/uploads\/platges-top.webp 1920w, https:\/\/www.playabrava.com\/wp-content\/uploads\/platges-top-1024x686.webp 1024w, https:\/\/www.playabrava.com\/wp-content\/uploads\/platges-top-768x514.webp 768w, https:\/\/www.playabrava.com\/wp-content\/uploads\/platges-top-1536x1029.webp 1536w, https:\/\/www.playabrava.com\/wp-content\/uploads\/platges-top-512x343.webp 512w, https:\/\/www.playabrava.com\/wp-content\/uploads\/platges-top-256x171.webp 256w\" sizes=\"auto, (max-width: 1920px) 100vw, 1920px\" \/><div class=\"wp-block-cover__inner-container is-layout-constrained wp-block-cover-is-layout-constrained\">\n<div class=\"wp-block-group is-layout-constrained wp-block-group-is-layout-constrained\" style=\"padding-bottom:var(--wp--preset--spacing--60)\">\n<h1 class=\"wp-block-heading has-text-align-center animation--init--once slide-up has-theme-white-color has-text-color has-link-color has-h-1-font-size wp-elements-4c0ffc14505fde9fe272cbc306251320\"><strong><strong>Str\u00e4nde & Buchten<\/strong><\/strong><\/h1>\n<\/div>\n<\/div><\/div>\n\n\n\n<h2 class=\"wp-block-heading has-text-align-center animation--init--once slide-up\"><strong><sup>MEER, NATUR & GESCHICHTE<\/sup> <\/strong><br>Spektakul\u00e4re Str\u00e4nde und Buchten in Ihrer N\u00e4he<\/h2>\n\n\n\n<div class=\"wp-block-group is-layout-constrained wp-block-group-is-layout-constrained\">\n<figure class=\"wp-block-image aligncenter size-large animation--init--once pop-up\"><img loading=\"lazy\" decoding=\"async\" width=\"67\" height=\"13\" src=\"https:\/\/www.playabrava.com\/wp-content\/uploads\/stars.svg\" alt=\"\" class=\"wp-image-1151\"\/><\/figure>\n\n\n\n<p>Traumhafte Str\u00e4nde und versteckte Buchten ganz in der N\u00e4he des Campingplatzes \u2013 unsere Empfehlungen, um die Costa Brava in ihrer ganzen Pracht zu genie\u00dfen. Von langen Sandstr\u00e4nden bis hin zu abgelegenen Felsbuchten finden Sie hier Ihren perfekten Ort zum Entspannen und zum Kontakt mit der Natur.<\/p>\n<\/div>\n\n\n\n<div class=\"wp-block-group alignfull is-layout-constrained wp-block-group-is-layout-constrained\" style=\"margin-top:0;margin-bottom:0\">\n<div class=\"wp-block-columns alignwide are-vertically-aligned-center p-m installacions-content back-left is-layout-flex wp-container-core-columns-is-layout-eae17e81 wp-block-columns-is-layout-flex\" style=\"border-radius:5px;margin-top:var(--wp--preset--spacing--70);margin-bottom:var(--wp--preset--spacing--70)\">\n<div class=\"wp-block-column is-vertically-aligned-center is-layout-flow wp-block-column-is-layout-flow\">\n<h3 class=\"wp-block-heading animation--init--once slide-left\"><strong><strong>Platja de Pals (1 min)<\/strong><\/strong><\/h3>\n\n\n\n<p>Ein weitl\u00e4ufiger Strand mit feinem Sand, ideal f\u00fcr Familien dank flachem Wasser. Er ist in zwei Abschnitte unterteilt: Platja del Grau (direkt vor dem Campingplatz) und Platja Gran, etwas weiter s\u00fcdlich.<\/p>\n<\/div>\n\n\n\n<div class=\"wp-block-column is-vertically-aligned-center is-layout-flow wp-block-column-is-layout-flow\">\n<div class=\"wp-image-slider has-text-align-left aspect-ratio-3_2\">\n\n                                        \n                    <script>\n                        'use strict';\n\n                        document.addEventListener('DOMContentLoaded', function () {\n\n                            (function() {\n                                const blockSlide = new Splide( '#slide_178', {\n                                    type : 'loop',\n                                    perPage: 1,\n                                                                        \n                                    breakpoints: {\n                                        800: {\n                                            perPage: 1,\n                                                                                    },\n                                        450: {\n                                            perPage: 1,\n                                            \n                                        },\n                                    },\n                                    pagination: false,\n                                    arrows: true,\n                                    gap: 'var(--wp--style--block-gap)',\n                                    i18n: {\n                                        slideLabel: '%s\/%s',\n                                    }\n                                } );\n                                \n\n                                \n                                blockSlide.mount();\n\n                                                                \n                                \n                            })();\n                        })\n                    <\/script>\n\n                    <div class=\"slider-container\"><div class=\"splide galeria-slider galeria-columnas-1\" id=\"slide_178\"><div class=\"splide__track\"><div class=\"splide__list\"><a href=\"https:\/\/www.playabrava.com\/wp-content\/uploads\/platja-de-pals-1.jpg\" id=\"thumb-5835\" class=\"splide__slide image-link\" data-gallery=\"slide_178\"  alt=\" \" class=\"image-link\"><div class=\"image-wrapper\"><img loading=\"lazy\" decoding=\"async\" width=\"640\" height=\"336\" src=\"https:\/\/www.playabrava.com\/wp-content\/uploads\/platja-de-pals-1.jpg\" class=\"attachment-gallery-large size-gallery-large\" alt=\"\" srcset=\"https:\/\/www.playabrava.com\/wp-content\/uploads\/platja-de-pals-1.jpg 640w, https:\/\/www.playabrava.com\/wp-content\/uploads\/platja-de-pals-1-512x269.jpg 512w, https:\/\/www.playabrava.com\/wp-content\/uploads\/platja-de-pals-1-256x134.jpg 256w\" sizes=\"auto, (max-width: 640px) 100vw, 640px\" \/><\/div><\/a><a href=\"https:\/\/www.playabrava.com\/wp-content\/uploads\/platja-de-pals-2.webp\" id=\"thumb-5829\" class=\"splide__slide image-link\" data-gallery=\"slide_178\"  alt=\" \" class=\"image-link\"><div class=\"image-wrapper\"><img loading=\"lazy\" decoding=\"async\" width=\"1024\" height=\"669\" src=\"https:\/\/www.playabrava.com\/wp-content\/uploads\/platja-de-pals-2.webp\" class=\"attachment-gallery-large size-gallery-large\" alt=\"\" srcset=\"https:\/\/www.playabrava.com\/wp-content\/uploads\/platja-de-pals-2.webp 1024w, https:\/\/www.playabrava.com\/wp-content\/uploads\/platja-de-pals-2-768x502.webp 768w, https:\/\/www.playabrava.com\/wp-content\/uploads\/platja-de-pals-2-512x335.webp 512w, https:\/\/www.playabrava.com\/wp-content\/uploads\/platja-de-pals-2-256x167.webp 256w\" sizes=\"auto, (max-width: 1024px) 100vw, 1024px\" \/><\/div><\/a><\/div><\/div><\/div><\/div>\n                    \n<\/div><\/div>\n<\/div>\n\n\n\n<div class=\"wp-block-columns alignwide are-vertically-aligned-center p-m installacions-content back-right reverse-mobile is-layout-flex wp-container-core-columns-is-layout-eae17e81 wp-block-columns-is-layout-flex\" style=\"border-radius:5px;margin-top:var(--wp--preset--spacing--70);margin-bottom:var(--wp--preset--spacing--70)\">\n<div class=\"wp-block-column is-vertically-aligned-center is-layout-flow wp-block-column-is-layout-flow\">\n<div class=\"wp-image-slider has-text-align-left aspect-ratio-3_2\">\n\n                                        \n                    <script>\n                        'use strict';\n\n                        document.addEventListener('DOMContentLoaded', function () {\n\n                            (function() {\n                                const blockSlide = new Splide( '#slide_266', {\n                                    type : 'loop',\n                                    perPage: 1,\n                                                                        \n                                    breakpoints: {\n                                        800: {\n                                            perPage: 1,\n                                                                                    },\n                                        450: {\n                                            perPage: 1,\n                                            \n                                        },\n                                    },\n                                    pagination: false,\n                                    arrows: true,\n                                    gap: 'var(--wp--style--block-gap)',\n                                    i18n: {\n                                        slideLabel: '%s\/%s',\n                                    }\n                                } );\n                                \n\n                                \n                                blockSlide.mount();\n\n                                                                \n                                \n                            })();\n                        })\n                    <\/script>\n\n                    <div class=\"slider-container\"><div class=\"splide galeria-slider galeria-columnas-1\" id=\"slide_266\"><div class=\"splide__track\"><div class=\"splide__list\"><a href=\"https:\/\/www.playabrava.com\/wp-content\/uploads\/illa-roja.jpg\" id=\"thumb-5841\" class=\"splide__slide image-link\" data-gallery=\"slide_266\"  alt=\" Vista de l'illa roja amb les illes medes al fons\" class=\"image-link\"><div class=\"image-wrapper\"><img loading=\"lazy\" decoding=\"async\" width=\"1024\" height=\"681\" src=\"https:\/\/www.playabrava.com\/wp-content\/uploads\/illa-roja.jpg\" class=\"attachment-gallery-large size-gallery-large\" alt=\"\" srcset=\"https:\/\/www.playabrava.com\/wp-content\/uploads\/illa-roja.jpg 1024w, https:\/\/www.playabrava.com\/wp-content\/uploads\/illa-roja-768x511.jpg 768w, https:\/\/www.playabrava.com\/wp-content\/uploads\/illa-roja-512x341.jpg 512w, https:\/\/www.playabrava.com\/wp-content\/uploads\/illa-roja-256x170.jpg 256w\" sizes=\"auto, (max-width: 1024px) 100vw, 1024px\" \/><\/div><\/a><\/div><\/div><\/div><\/div>\n                    \n<\/div><\/div>\n\n\n\n<div class=\"wp-block-column is-vertically-aligned-center is-layout-flow wp-block-column-is-layout-flow\">\n<h3 class=\"wp-block-heading animation--init--once slide-left\"><strong><strong>Illa Roja &#8211; Begur (10 min)<\/strong><\/strong><\/h3>\n\n\n\n<p>Diese Bucht ist bekannt f\u00fcr den gro\u00dfen r\u00f6tlichen Felsen in ihrer Mitte und das kristallklare Wasser \u2013 ideal f\u00fcr Ruhesuchende und Naturliebhaber.<\/p>\n<\/div>\n<\/div>\n\n\n\n<div class=\"wp-block-columns alignwide are-vertically-aligned-center p-m installacions-content back-left is-layout-flex wp-container-core-columns-is-layout-eae17e81 wp-block-columns-is-layout-flex\" style=\"border-radius:5px;margin-top:var(--wp--preset--spacing--70);margin-bottom:var(--wp--preset--spacing--70)\">\n<div class=\"wp-block-column is-vertically-aligned-center is-layout-flow wp-block-column-is-layout-flow\">\n<h3 class=\"wp-block-heading animation--init--once slide-left\"><strong><strong><strong>Sa Riera &#8211; Begur (12 min)<\/strong><\/strong><\/strong><\/h3>\n\n\n\n<p>Ein familienfreundlicher Strand mit einfachem Zugang und mehreren Restaurants in der N\u00e4he. Perfekt f\u00fcr einen entspannten Tag am Meer.<\/p>\n<\/div>\n\n\n\n<div class=\"wp-block-column is-vertically-aligned-center is-layout-flow wp-block-column-is-layout-flow\">\n<div class=\"wp-image-slider has-text-align-left aspect-ratio-3_2\">\n\n                                        \n                    <script>\n                        'use strict';\n\n                        document.addEventListener('DOMContentLoaded', function () {\n\n                            (function() {\n                                const blockSlide = new Splide( '#slide_740', {\n                                    type : 'loop',\n                                    perPage: 1,\n                                                                        \n                                    breakpoints: {\n                                        800: {\n                                            perPage: 1,\n                                                                                    },\n                                        450: {\n                                            perPage: 1,\n                                            \n                                        },\n                                    },\n                                    pagination: false,\n                                    arrows: true,\n                                    gap: 'var(--wp--style--block-gap)',\n                                    i18n: {\n                                        slideLabel: '%s\/%s',\n                                    }\n                                } );\n                                \n\n                                \n                                blockSlide.mount();\n\n                                                                \n                                \n                            })();\n                        })\n                    <\/script>\n\n                    <div class=\"slider-container\"><div class=\"splide galeria-slider galeria-columnas-1\" id=\"slide_740\"><div class=\"splide__track\"><div class=\"splide__list\"><a href=\"https:\/\/www.playabrava.com\/wp-content\/uploads\/sa-riera.jpg\" id=\"thumb-5853\" class=\"splide__slide image-link\" data-gallery=\"slide_740\"  alt=\" \" class=\"image-link\"><div class=\"image-wrapper\"><img loading=\"lazy\" decoding=\"async\" width=\"1024\" height=\"623\" src=\"https:\/\/www.playabrava.com\/wp-content\/uploads\/sa-riera.jpg\" class=\"attachment-gallery-large size-gallery-large\" alt=\"\" srcset=\"https:\/\/www.playabrava.com\/wp-content\/uploads\/sa-riera.jpg 1024w, https:\/\/www.playabrava.com\/wp-content\/uploads\/sa-riera-768x467.jpg 768w, https:\/\/www.playabrava.com\/wp-content\/uploads\/sa-riera-512x312.jpg 512w, https:\/\/www.playabrava.com\/wp-content\/uploads\/sa-riera-256x156.jpg 256w\" sizes=\"auto, (max-width: 1024px) 100vw, 1024px\" \/><\/div><\/a><a href=\"https:\/\/www.playabrava.com\/wp-content\/uploads\/sa-riera-3.jpg\" id=\"thumb-5847\" class=\"splide__slide image-link\" data-gallery=\"slide_740\"  alt=\" \" class=\"image-link\"><div class=\"image-wrapper\"><img loading=\"lazy\" decoding=\"async\" width=\"1024\" height=\"681\" src=\"https:\/\/www.playabrava.com\/wp-content\/uploads\/sa-riera-3.jpg\" class=\"attachment-gallery-large size-gallery-large\" alt=\"\" srcset=\"https:\/\/www.playabrava.com\/wp-content\/uploads\/sa-riera-3.jpg 1024w, https:\/\/www.playabrava.com\/wp-content\/uploads\/sa-riera-3-768x511.jpg 768w, https:\/\/www.playabrava.com\/wp-content\/uploads\/sa-riera-3-512x341.jpg 512w, https:\/\/www.playabrava.com\/wp-content\/uploads\/sa-riera-3-256x170.jpg 256w\" sizes=\"auto, (max-width: 1024px) 100vw, 1024px\" \/><\/div><\/a><\/div><\/div><\/div><\/div>\n                    \n<\/div><\/div>\n<\/div>\n\n\n\n<div class=\"wp-block-columns alignwide are-vertically-aligned-center p-m installacions-content back-right reverse-mobile is-layout-flex wp-container-core-columns-is-layout-eae17e81 wp-block-columns-is-layout-flex\" style=\"border-radius:5px;margin-top:var(--wp--preset--spacing--70);margin-bottom:var(--wp--preset--spacing--70)\">\n<div class=\"wp-block-column is-vertically-aligned-center is-layout-flow wp-block-column-is-layout-flow\">\n<div class=\"wp-image-slider has-text-align-left aspect-ratio-3_2\">\n\n                                        \n                    <script>\n                        'use strict';\n\n                        document.addEventListener('DOMContentLoaded', function () {\n\n                            (function() {\n                                const blockSlide = new Splide( '#slide_80', {\n                                    type : 'loop',\n                                    perPage: 1,\n                                                                        \n                                    breakpoints: {\n                                        800: {\n                                            perPage: 1,\n                                                                                    },\n                                        450: {\n                                            perPage: 1,\n                                            \n                                        },\n                                    },\n                                    pagination: false,\n                                    arrows: true,\n                                    gap: 'var(--wp--style--block-gap)',\n                                    i18n: {\n                                        slideLabel: '%s\/%s',\n                                    }\n                                } );\n                                \n\n                                \n                                blockSlide.mount();\n\n                                                                \n                                \n                            })();\n                        })\n                    <\/script>\n\n                    <div class=\"slider-container\"><div class=\"splide galeria-slider galeria-columnas-1\" id=\"slide_80\"><div class=\"splide__track\"><div class=\"splide__list\"><a href=\"https:\/\/www.playabrava.com\/wp-content\/uploads\/cala-daiguafreda-1.jpg\" id=\"thumb-6110\" class=\"splide__slide image-link\" data-gallery=\"slide_80\"  alt=\" \" class=\"image-link\"><div class=\"image-wrapper\"><img loading=\"lazy\" decoding=\"async\" width=\"640\" height=\"480\" src=\"https:\/\/www.playabrava.com\/wp-content\/uploads\/cala-daiguafreda-1.jpg\" class=\"attachment-gallery-large size-gallery-large\" alt=\"\" srcset=\"https:\/\/www.playabrava.com\/wp-content\/uploads\/cala-daiguafreda-1.jpg 640w, https:\/\/www.playabrava.com\/wp-content\/uploads\/cala-daiguafreda-1-512x384.jpg 512w, https:\/\/www.playabrava.com\/wp-content\/uploads\/cala-daiguafreda-1-256x192.jpg 256w\" sizes=\"auto, (max-width: 640px) 100vw, 640px\" \/><\/div><\/a><a href=\"https:\/\/www.playabrava.com\/wp-content\/uploads\/aiguafreda.jpg\" id=\"thumb-6104\" class=\"splide__slide image-link\" data-gallery=\"slide_80\"  alt=\" \" class=\"image-link\"><div class=\"image-wrapper\"><img loading=\"lazy\" decoding=\"async\" width=\"640\" height=\"853\" src=\"https:\/\/www.playabrava.com\/wp-content\/uploads\/aiguafreda.jpg\" class=\"attachment-gallery-large size-gallery-large\" alt=\"\" srcset=\"https:\/\/www.playabrava.com\/wp-content\/uploads\/aiguafreda.jpg 640w, https:\/\/www.playabrava.com\/wp-content\/uploads\/aiguafreda-384x512.jpg 384w, https:\/\/www.playabrava.com\/wp-content\/uploads\/aiguafreda-192x256.jpg 192w\" sizes=\"auto, (max-width: 640px) 100vw, 640px\" \/><\/div><\/a><\/div><\/div><\/div><\/div>\n                    \n<\/div><\/div>\n\n\n\n<div class=\"wp-block-column is-vertically-aligned-center is-layout-flow wp-block-column-is-layout-flow\">\n<h3 class=\"wp-block-heading animation--init--once slide-left\"><strong><strong><strong>Aiguafreda &#8211; Begur (15 min)<\/strong><\/strong><\/strong><\/h3>\n\n\n\n<p>Eine kleine, gesch\u00fctzte und ruhige Bucht \u2013 ideal f\u00fcr einen friedlichen Tag inmitten der Natur. Das klare Wasser ist ein Paradies f\u00fcr Schnorchel-Fans.<\/p>\n<\/div>\n<\/div>\n\n\n\n<div class=\"wp-block-columns alignwide are-vertically-aligned-center p-m installacions-content back-left is-layout-flex wp-container-core-columns-is-layout-eae17e81 wp-block-columns-is-layout-flex\" style=\"border-radius:5px;margin-top:var(--wp--preset--spacing--70);margin-bottom:var(--wp--preset--spacing--70)\">\n<div class=\"wp-block-column is-vertically-aligned-center is-layout-flow wp-block-column-is-layout-flow\">\n<h3 class=\"wp-block-heading animation--init--once slide-left\"><strong><strong><strong>Sa Tuna &#8211; Begur (20 min)<\/strong><\/strong><\/strong><\/h3>\n\n\n\n<p>Ein ehemaliges Fischerdorf mit wei\u00df get\u00fcnchten H\u00e4usern und idyllischem Ambiente \u2013 perfekt f\u00fcr einen entspannten Strandtag.<\/p>\n<\/div>\n\n\n\n<div class=\"wp-block-column is-vertically-aligned-center is-layout-flow wp-block-column-is-layout-flow\">\n<div class=\"wp-image-slider has-text-align-left aspect-ratio-3_2\">\n\n                                        \n                    <script>\n                        'use strict';\n\n                        document.addEventListener('DOMContentLoaded', function () {\n\n                            (function() {\n                                const blockSlide = new Splide( '#slide_74', {\n                                    type : 'loop',\n                                    perPage: 1,\n                                                                        \n                                    breakpoints: {\n                                        800: {\n                                            perPage: 1,\n                                                                                    },\n                                        450: {\n                                            perPage: 1,\n                                            \n                                        },\n                                    },\n                                    pagination: false,\n                                    arrows: true,\n                                    gap: 'var(--wp--style--block-gap)',\n                                    i18n: {\n                                        slideLabel: '%s\/%s',\n                                    }\n                                } );\n                                \n\n                                \n                                blockSlide.mount();\n\n                                                                \n                                \n                            })();\n                        })\n                    <\/script>\n\n                    <div class=\"slider-container\"><div class=\"splide galeria-slider galeria-columnas-1\" id=\"slide_74\"><div class=\"splide__track\"><div class=\"splide__list\"><a href=\"https:\/\/www.playabrava.com\/wp-content\/uploads\/sa-tuna-1.jpg\" id=\"thumb-5859\" class=\"splide__slide image-link\" data-gallery=\"slide_74\"  alt=\" \" class=\"image-link\"><div class=\"image-wrapper\"><img loading=\"lazy\" decoding=\"async\" width=\"1024\" height=\"769\" src=\"https:\/\/www.playabrava.com\/wp-content\/uploads\/sa-tuna-1.jpg\" class=\"attachment-gallery-large size-gallery-large\" alt=\"\" srcset=\"https:\/\/www.playabrava.com\/wp-content\/uploads\/sa-tuna-1.jpg 1024w, https:\/\/www.playabrava.com\/wp-content\/uploads\/sa-tuna-1-768x577.jpg 768w, https:\/\/www.playabrava.com\/wp-content\/uploads\/sa-tuna-1-512x385.jpg 512w, https:\/\/www.playabrava.com\/wp-content\/uploads\/sa-tuna-1-256x192.jpg 256w\" sizes=\"auto, (max-width: 1024px) 100vw, 1024px\" \/><\/div><\/a><a href=\"https:\/\/www.playabrava.com\/wp-content\/uploads\/sa-tuna-3.webp\" id=\"thumb-5865\" class=\"splide__slide image-link\" data-gallery=\"slide_74\"  alt=\" \" class=\"image-link\"><div class=\"image-wrapper\"><img loading=\"lazy\" decoding=\"async\" width=\"1024\" height=\"623\" src=\"https:\/\/www.playabrava.com\/wp-content\/uploads\/sa-tuna-3.webp\" class=\"attachment-gallery-large size-gallery-large\" alt=\"\" srcset=\"https:\/\/www.playabrava.com\/wp-content\/uploads\/sa-tuna-3.webp 1024w, https:\/\/www.playabrava.com\/wp-content\/uploads\/sa-tuna-3-768x467.webp 768w, https:\/\/www.playabrava.com\/wp-content\/uploads\/sa-tuna-3-512x312.webp 512w, https:\/\/www.playabrava.com\/wp-content\/uploads\/sa-tuna-3-256x156.webp 256w\" sizes=\"auto, (max-width: 1024px) 100vw, 1024px\" \/><\/div><\/a><a href=\"https:\/\/www.playabrava.com\/wp-content\/uploads\/sa-tuna.webp\" id=\"thumb-5871\" class=\"splide__slide image-link\" data-gallery=\"slide_74\"  alt=\" \" class=\"image-link\"><div class=\"image-wrapper\"><img loading=\"lazy\" decoding=\"async\" width=\"1024\" height=\"768\" src=\"https:\/\/www.playabrava.com\/wp-content\/uploads\/sa-tuna.webp\" class=\"attachment-gallery-large size-gallery-large\" alt=\"\" srcset=\"https:\/\/www.playabrava.com\/wp-content\/uploads\/sa-tuna.webp 1024w, https:\/\/www.playabrava.com\/wp-content\/uploads\/sa-tuna-768x576.webp 768w, https:\/\/www.playabrava.com\/wp-content\/uploads\/sa-tuna-512x384.webp 512w, https:\/\/www.playabrava.com\/wp-content\/uploads\/sa-tuna-256x192.webp 256w\" sizes=\"auto, (max-width: 1024px) 100vw, 1024px\" \/><\/div><\/a><\/div><\/div><\/div><\/div>\n                    \n<\/div><\/div>\n<\/div>\n\n\n\n<div class=\"wp-block-columns alignwide are-vertically-aligned-center p-m installacions-content back-right reverse-mobile is-layout-flex wp-container-core-columns-is-layout-eae17e81 wp-block-columns-is-layout-flex\" style=\"border-radius:5px;margin-top:var(--wp--preset--spacing--70);margin-bottom:var(--wp--preset--spacing--70)\">\n<div class=\"wp-block-column is-vertically-aligned-center is-layout-flow wp-block-column-is-layout-flow\">\n<div class=\"wp-image-slider has-text-align-left aspect-ratio-3_2\">\n\n                                        \n                    <script>\n                        'use strict';\n\n                        document.addEventListener('DOMContentLoaded', function () {\n\n                            (function() {\n                                const blockSlide = new Splide( '#slide_528', {\n                                    type : 'loop',\n                                    perPage: 1,\n                                                                        \n                                    breakpoints: {\n                                        800: {\n                                            perPage: 1,\n                                                                                    },\n                                        450: {\n                                            perPage: 1,\n                                            \n                                        },\n                                    },\n                                    pagination: false,\n                                    arrows: true,\n                                    gap: 'var(--wp--style--block-gap)',\n                                    i18n: {\n                                        slideLabel: '%s\/%s',\n                                    }\n                                } );\n                                \n\n                                \n                                blockSlide.mount();\n\n                                                                \n                                \n                            })();\n                        })\n                    <\/script>\n\n                    <div class=\"slider-container\"><div class=\"splide galeria-slider galeria-columnas-1\" id=\"slide_528\"><div class=\"splide__track\"><div class=\"splide__list\"><a href=\"https:\/\/www.playabrava.com\/wp-content\/uploads\/platja-fonda.jpg\" id=\"thumb-6116\" class=\"splide__slide image-link\" data-gallery=\"slide_528\"  alt=\" \" class=\"image-link\"><div class=\"image-wrapper\"><img loading=\"lazy\" decoding=\"async\" width=\"640\" height=\"480\" src=\"https:\/\/www.playabrava.com\/wp-content\/uploads\/platja-fonda.jpg\" class=\"attachment-gallery-large size-gallery-large\" alt=\"\" srcset=\"https:\/\/www.playabrava.com\/wp-content\/uploads\/platja-fonda.jpg 640w, https:\/\/www.playabrava.com\/wp-content\/uploads\/platja-fonda-512x384.jpg 512w, https:\/\/www.playabrava.com\/wp-content\/uploads\/platja-fonda-256x192.jpg 256w\" sizes=\"auto, (max-width: 640px) 100vw, 640px\" \/><\/div><\/a><\/div><\/div><\/div><\/div>\n                    \n<\/div><\/div>\n\n\n\n<div class=\"wp-block-column is-vertically-aligned-center is-layout-flow wp-block-column-is-layout-flow\">\n<h3 class=\"wp-block-heading animation--init--once slide-left\"><strong><strong><strong><strong>Platja Fonda &#8211; Begur (25 min)<\/strong><\/strong><\/strong><\/strong><\/h3>\n\n\n\n<p>Unterhalb einer Klippe gelegen, ist dieser abgelegene Strand mit dunklem Sand und Kies ein echter Geheimtipp. Der schwierige Zugang sorgt f\u00fcr Ruhe und Privatsph\u00e4re.<\/p>\n<\/div>\n<\/div>\n\n\n\n<div class=\"wp-block-columns alignwide are-vertically-aligned-center p-m installacions-content back-left is-layout-flex wp-container-core-columns-is-layout-eae17e81 wp-block-columns-is-layout-flex\" style=\"border-radius:5px;margin-top:var(--wp--preset--spacing--70);margin-bottom:var(--wp--preset--spacing--70)\">\n<div class=\"wp-block-column is-vertically-aligned-center is-layout-flow wp-block-column-is-layout-flow\">\n<h3 class=\"wp-block-heading animation--init--once slide-left\"><strong><strong><strong><strong><strong><strong>Aiguablava &#8211; Begur (25 min)<\/strong><\/strong><\/strong><\/strong><\/strong><\/strong><\/h3>\n\n\n\n<p>Eine der bekanntesten Buchten der Region, mit goldfarbenem Sand und klarem Wasser. Familienfreundlich und mit guter Infrastruktur.<\/p>\n<\/div>\n\n\n\n<div class=\"wp-block-column is-vertically-aligned-center is-layout-flow wp-block-column-is-layout-flow\">\n<div class=\"wp-image-slider has-text-align-left aspect-ratio-3_2\">\n\n                                        \n                    <script>\n                        'use strict';\n\n                        document.addEventListener('DOMContentLoaded', function () {\n\n                            (function() {\n                                const blockSlide = new Splide( '#slide_28', {\n                                    type : 'loop',\n                                    perPage: 1,\n                                                                        \n                                    breakpoints: {\n                                        800: {\n                                            perPage: 1,\n                                                                                    },\n                                        450: {\n                                            perPage: 1,\n                                            \n                                        },\n                                    },\n                                    pagination: false,\n                                    arrows: true,\n                                    gap: 'var(--wp--style--block-gap)',\n                                    i18n: {\n                                        slideLabel: '%s\/%s',\n                                    }\n                                } );\n                                \n\n                                \n                                blockSlide.mount();\n\n                                                                \n                                \n                            })();\n                        })\n                    <\/script>\n\n                    <div class=\"slider-container\"><div class=\"splide galeria-slider galeria-columnas-1\" id=\"slide_28\"><div class=\"splide__track\"><div class=\"splide__list\"><a href=\"https:\/\/www.playabrava.com\/wp-content\/uploads\/aiguablava-3.jpg\" id=\"thumb-5877\" class=\"splide__slide image-link\" data-gallery=\"slide_28\"  alt=\" \" class=\"image-link\"><div class=\"image-wrapper\"><img loading=\"lazy\" decoding=\"async\" width=\"1024\" height=\"768\" src=\"https:\/\/www.playabrava.com\/wp-content\/uploads\/aiguablava-3.jpg\" class=\"attachment-gallery-large size-gallery-large\" alt=\"\" srcset=\"https:\/\/www.playabrava.com\/wp-content\/uploads\/aiguablava-3.jpg 1024w, https:\/\/www.playabrava.com\/wp-content\/uploads\/aiguablava-3-768x576.jpg 768w, https:\/\/www.playabrava.com\/wp-content\/uploads\/aiguablava-3-512x384.jpg 512w, https:\/\/www.playabrava.com\/wp-content\/uploads\/aiguablava-3-256x192.jpg 256w\" sizes=\"auto, (max-width: 1024px) 100vw, 1024px\" \/><\/div><\/a><a href=\"https:\/\/www.playabrava.com\/wp-content\/uploads\/aiguablava.jpg\" id=\"thumb-5883\" class=\"splide__slide image-link\" data-gallery=\"slide_28\"  alt=\" IPaisatge estiuenc d'Aiguablava\" class=\"image-link\"><div class=\"image-wrapper\"><img loading=\"lazy\" decoding=\"async\" width=\"1024\" height=\"680\" src=\"https:\/\/www.playabrava.com\/wp-content\/uploads\/aiguablava.jpg\" class=\"attachment-gallery-large size-gallery-large\" alt=\"\" srcset=\"https:\/\/www.playabrava.com\/wp-content\/uploads\/aiguablava.jpg 1024w, https:\/\/www.playabrava.com\/wp-content\/uploads\/aiguablava-768x510.jpg 768w, https:\/\/www.playabrava.com\/wp-content\/uploads\/aiguablava-512x340.jpg 512w, https:\/\/www.playabrava.com\/wp-content\/uploads\/aiguablava-256x170.jpg 256w\" sizes=\"auto, (max-width: 1024px) 100vw, 1024px\" \/><\/div><\/a><a href=\"https:\/\/www.playabrava.com\/wp-content\/uploads\/aiguablava-2.jpg\" id=\"thumb-5889\" class=\"splide__slide image-link\" data-gallery=\"slide_28\"  alt=\" \" class=\"image-link\"><div class=\"image-wrapper\"><img loading=\"lazy\" decoding=\"async\" width=\"1024\" height=\"685\" src=\"https:\/\/www.playabrava.com\/wp-content\/uploads\/aiguablava-2.jpg\" class=\"attachment-gallery-large size-gallery-large\" alt=\"\" srcset=\"https:\/\/www.playabrava.com\/wp-content\/uploads\/aiguablava-2.jpg 1024w, https:\/\/www.playabrava.com\/wp-content\/uploads\/aiguablava-2-768x514.jpg 768w, https:\/\/www.playabrava.com\/wp-content\/uploads\/aiguablava-2-512x343.jpg 512w, https:\/\/www.playabrava.com\/wp-content\/uploads\/aiguablava-2-256x171.jpg 256w\" sizes=\"auto, (max-width: 1024px) 100vw, 1024px\" \/><\/div><\/a><\/div><\/div><\/div><\/div>\n                    \n<\/div><\/div>\n<\/div>\n\n\n\n<div class=\"wp-block-columns alignwide are-vertically-aligned-center p-m installacions-content back-right reverse-mobile is-layout-flex wp-container-core-columns-is-layout-eae17e81 wp-block-columns-is-layout-flex\" style=\"border-radius:5px;margin-top:var(--wp--preset--spacing--70);margin-bottom:var(--wp--preset--spacing--70)\">\n<div class=\"wp-block-column is-vertically-aligned-center is-layout-flow wp-block-column-is-layout-flow\">\n<div class=\"wp-image-slider has-text-align-left aspect-ratio-3_2\">\n\n                                        \n                    <script>\n                        'use strict';\n\n                        document.addEventListener('DOMContentLoaded', function () {\n\n                            (function() {\n                                const blockSlide = new Splide( '#slide_643', {\n                                    type : 'loop',\n                                    perPage: 1,\n                                                                        \n                                    breakpoints: {\n                                        800: {\n                                            perPage: 1,\n                                                                                    },\n                                        450: {\n                                            perPage: 1,\n                                            \n                                        },\n                                    },\n                                    pagination: false,\n                                    arrows: true,\n                                    gap: 'var(--wp--style--block-gap)',\n                                    i18n: {\n                                        slideLabel: '%s\/%s',\n                                    }\n                                } );\n                                \n\n                                \n                                blockSlide.mount();\n\n                                                                \n                                \n                            })();\n                        })\n                    <\/script>\n\n                    <div class=\"slider-container\"><div class=\"splide galeria-slider galeria-columnas-1\" id=\"slide_643\"><div class=\"splide__track\"><div class=\"splide__list\"><a href=\"https:\/\/www.playabrava.com\/wp-content\/uploads\/platja-de-tamariu-aiguadolca.jpg\" id=\"thumb-6086\" class=\"splide__slide image-link\" data-gallery=\"slide_643\"  alt=\" \" class=\"image-link\"><div class=\"image-wrapper\"><img loading=\"lazy\" decoding=\"async\" width=\"640\" height=\"360\" src=\"https:\/\/www.playabrava.com\/wp-content\/uploads\/platja-de-tamariu-aiguadolca.jpg\" class=\"attachment-gallery-large size-gallery-large\" alt=\"\" srcset=\"https:\/\/www.playabrava.com\/wp-content\/uploads\/platja-de-tamariu-aiguadolca.jpg 640w, https:\/\/www.playabrava.com\/wp-content\/uploads\/platja-de-tamariu-aiguadolca-512x288.jpg 512w, https:\/\/www.playabrava.com\/wp-content\/uploads\/platja-de-tamariu-aiguadolca-256x144.jpg 256w\" sizes=\"auto, (max-width: 640px) 100vw, 640px\" \/><\/div><\/a><a href=\"https:\/\/www.playabrava.com\/wp-content\/uploads\/tamariu.jpg\" id=\"thumb-6092\" class=\"splide__slide image-link\" data-gallery=\"slide_643\"  alt=\" \" class=\"image-link\"><div class=\"image-wrapper\"><img loading=\"lazy\" decoding=\"async\" width=\"640\" height=\"427\" src=\"https:\/\/www.playabrava.com\/wp-content\/uploads\/tamariu.jpg\" class=\"attachment-gallery-large size-gallery-large\" alt=\"\" srcset=\"https:\/\/www.playabrava.com\/wp-content\/uploads\/tamariu.jpg 640w, https:\/\/www.playabrava.com\/wp-content\/uploads\/tamariu-512x342.jpg 512w, https:\/\/www.playabrava.com\/wp-content\/uploads\/tamariu-256x171.jpg 256w\" sizes=\"auto, (max-width: 640px) 100vw, 640px\" \/><\/div><\/a><a href=\"https:\/\/www.playabrava.com\/wp-content\/uploads\/tamariu-beach.jpg\" id=\"thumb-6098\" class=\"splide__slide image-link\" data-gallery=\"slide_643\"  alt=\" \" class=\"image-link\"><div class=\"image-wrapper\"><img loading=\"lazy\" decoding=\"async\" width=\"640\" height=\"427\" src=\"https:\/\/www.playabrava.com\/wp-content\/uploads\/tamariu-beach.jpg\" class=\"attachment-gallery-large size-gallery-large\" alt=\"\" srcset=\"https:\/\/www.playabrava.com\/wp-content\/uploads\/tamariu-beach.jpg 640w, https:\/\/www.playabrava.com\/wp-content\/uploads\/tamariu-beach-512x342.jpg 512w, https:\/\/www.playabrava.com\/wp-content\/uploads\/tamariu-beach-256x171.jpg 256w\" sizes=\"auto, (max-width: 640px) 100vw, 640px\" \/><\/div><\/a><\/div><\/div><\/div><\/div>\n                    \n<\/div><\/div>\n\n\n\n<div class=\"wp-block-column is-vertically-aligned-center is-layout-flow wp-block-column-is-layout-flow\">\n<h3 class=\"wp-block-heading animation--init--once slide-left\"><strong><strong><strong><strong>Tamariu (25 min)<\/strong><\/strong><\/strong><\/strong><\/h3>\n\n\n\n<p>Ein ruhiger Strand mit feinem Sand und glasklarem Wasser. Dank seiner gesch\u00fctzten Lage im S\u00fcdosten ideal f\u00fcr Familien und Naturliebhaber. Der Ort bewahrt den Charme eines alten Fischerdorfs.<\/p>\n<\/div>\n<\/div>\n\n\n\n<div class=\"wp-block-columns alignwide are-vertically-aligned-center p-m installacions-content back-left is-layout-flex wp-container-core-columns-is-layout-eae17e81 wp-block-columns-is-layout-flex\" style=\"border-radius:5px;margin-top:var(--wp--preset--spacing--70);margin-bottom:var(--wp--preset--spacing--70)\">\n<div class=\"wp-block-column is-vertically-aligned-center is-layout-flow wp-block-column-is-layout-flow\">\n<h3 class=\"wp-block-heading animation--init--once slide-left\"><strong><strong><strong><strong><strong>Llafanc &#8211; Calella de Palafugell (30 min)<\/strong><\/strong><\/strong><\/strong><\/strong><\/h3>\n\n\n\n<p>Kristallklares Wasser, charmante Buchten und ein mediterranes Flair \u2013 Llafranc und Calella geh\u00f6ren zu den beliebtesten Zielen der Costa Brava.<\/p>\n<\/div>\n\n\n\n<div class=\"wp-block-column is-vertically-aligned-center is-layout-flow wp-block-column-is-layout-flow\">\n<div class=\"wp-image-slider has-text-align-left aspect-ratio-3_2\">\n\n                                        \n                    <script>\n                        'use strict';\n\n                        document.addEventListener('DOMContentLoaded', function () {\n\n                            (function() {\n                                const blockSlide = new Splide( '#slide_928', {\n                                    type : 'loop',\n                                    perPage: 1,\n                                                                        \n                                    breakpoints: {\n                                        800: {\n                                            perPage: 1,\n                                                                                    },\n                                        450: {\n                                            perPage: 1,\n                                            \n                                        },\n                                    },\n                                    pagination: false,\n                                    arrows: true,\n                                    gap: 'var(--wp--style--block-gap)',\n                                    i18n: {\n                                        slideLabel: '%s\/%s',\n                                    }\n                                } );\n                                \n\n                                \n                                blockSlide.mount();\n\n                                                                \n                                \n                            })();\n                        })\n                    <\/script>\n\n                    <div class=\"slider-container\"><div class=\"splide galeria-slider galeria-columnas-1\" id=\"slide_928\"><div class=\"splide__track\"><div class=\"splide__list\"><a href=\"https:\/\/www.playabrava.com\/wp-content\/uploads\/platja-de-llafranc-3.jpg\" id=\"thumb-6073\" class=\"splide__slide image-link\" data-gallery=\"slide_928\"  alt=\" \" class=\"image-link\"><div class=\"image-wrapper\"><img loading=\"lazy\" decoding=\"async\" width=\"640\" height=\"360\" src=\"https:\/\/www.playabrava.com\/wp-content\/uploads\/platja-de-llafranc-3.jpg\" class=\"attachment-gallery-large size-gallery-large\" alt=\"\" srcset=\"https:\/\/www.playabrava.com\/wp-content\/uploads\/platja-de-llafranc-3.jpg 640w, https:\/\/www.playabrava.com\/wp-content\/uploads\/platja-de-llafranc-3-512x288.jpg 512w, https:\/\/www.playabrava.com\/wp-content\/uploads\/platja-de-llafranc-3-256x144.jpg 256w\" sizes=\"auto, (max-width: 640px) 100vw, 640px\" \/><\/div><\/a><a href=\"https:\/\/www.playabrava.com\/wp-content\/uploads\/platja-de-llafranc-palafrugell-3.jpg\" id=\"thumb-6079\" class=\"splide__slide image-link\" data-gallery=\"slide_928\"  alt=\" \" class=\"image-link\"><div class=\"image-wrapper\"><img loading=\"lazy\" decoding=\"async\" width=\"640\" height=\"409\" src=\"https:\/\/www.playabrava.com\/wp-content\/uploads\/platja-de-llafranc-palafrugell-3.jpg\" class=\"attachment-gallery-large size-gallery-large\" alt=\"\" srcset=\"https:\/\/www.playabrava.com\/wp-content\/uploads\/platja-de-llafranc-palafrugell-3.jpg 640w, https:\/\/www.playabrava.com\/wp-content\/uploads\/platja-de-llafranc-palafrugell-3-512x327.jpg 512w, https:\/\/www.playabrava.com\/wp-content\/uploads\/platja-de-llafranc-palafrugell-3-256x164.jpg 256w\" sizes=\"auto, (max-width: 640px) 100vw, 640px\" \/><\/div><\/a><\/div><\/div><\/div><\/div>\n                    \n<\/div><\/div>\n<\/div>\n\n\n\n<div class=\"wp-block-columns alignwide are-vertically-aligned-center p-m installacions-content back-right reverse-mobile is-layout-flex wp-container-core-columns-is-layout-eae17e81 wp-block-columns-is-layout-flex\" style=\"border-radius:5px;margin-top:var(--wp--preset--spacing--70);margin-bottom:var(--wp--preset--spacing--70)\">\n<div class=\"wp-block-column is-vertically-aligned-center is-layout-flow wp-block-column-is-layout-flow\">\n<div class=\"wp-image-slider has-text-align-left aspect-ratio-3_2\">\n\n                                        \n                    <script>\n                        'use strict';\n\n                        document.addEventListener('DOMContentLoaded', function () {\n\n                            (function() {\n                                const blockSlide = new Splide( '#slide_292', {\n                                    type : 'loop',\n                                    perPage: 1,\n                                                                        \n                                    breakpoints: {\n                                        800: {\n                                            perPage: 1,\n                                                                                    },\n                                        450: {\n                                            perPage: 1,\n                                            \n                                        },\n                                    },\n                                    pagination: false,\n                                    arrows: true,\n                                    gap: 'var(--wp--style--block-gap)',\n                                    i18n: {\n                                        slideLabel: '%s\/%s',\n                                    }\n                                } );\n                                \n\n                                \n                                blockSlide.mount();\n\n                                                                \n                                \n                            })();\n                        })\n                    <\/script>\n\n                    <div class=\"slider-container\"><div class=\"splide galeria-slider galeria-columnas-1\" id=\"slide_292\"><div class=\"splide__track\"><div class=\"splide__list\"><a href=\"https:\/\/www.playabrava.com\/wp-content\/uploads\/cala-esttreta.jpg\" id=\"thumb-5898\" class=\"splide__slide image-link\" data-gallery=\"slide_292\"  alt=\" \" class=\"image-link\"><div class=\"image-wrapper\"><img loading=\"lazy\" decoding=\"async\" width=\"1024\" height=\"683\" src=\"https:\/\/www.playabrava.com\/wp-content\/uploads\/cala-esttreta.jpg\" class=\"attachment-gallery-large size-gallery-large\" alt=\"\" srcset=\"https:\/\/www.playabrava.com\/wp-content\/uploads\/cala-esttreta.jpg 1024w, https:\/\/www.playabrava.com\/wp-content\/uploads\/cala-esttreta-768x512.jpg 768w, https:\/\/www.playabrava.com\/wp-content\/uploads\/cala-esttreta-512x342.jpg 512w, https:\/\/www.playabrava.com\/wp-content\/uploads\/cala-esttreta-256x171.jpg 256w\" sizes=\"auto, (max-width: 1024px) 100vw, 1024px\" \/><\/div><\/a><a href=\"https:\/\/www.playabrava.com\/wp-content\/uploads\/cala-estreta.jpg\" id=\"thumb-6067\" class=\"splide__slide image-link\" data-gallery=\"slide_292\"  alt=\" \" class=\"image-link\"><div class=\"image-wrapper\"><img loading=\"lazy\" decoding=\"async\" width=\"640\" height=\"853\" src=\"https:\/\/www.playabrava.com\/wp-content\/uploads\/cala-estreta.jpg\" class=\"attachment-gallery-large size-gallery-large\" alt=\"\" srcset=\"https:\/\/www.playabrava.com\/wp-content\/uploads\/cala-estreta.jpg 640w, https:\/\/www.playabrava.com\/wp-content\/uploads\/cala-estreta-384x512.jpg 384w, https:\/\/www.playabrava.com\/wp-content\/uploads\/cala-estreta-192x256.jpg 192w\" sizes=\"auto, (max-width: 640px) 100vw, 640px\" \/><\/div><\/a><\/div><\/div><\/div><\/div>\n                    \n<\/div><\/div>\n\n\n\n<div class=\"wp-block-column is-vertically-aligned-center is-layout-flow wp-block-column-is-layout-flow\">\n<h3 class=\"wp-block-heading animation--init--once slide-left\"><strong><strong><strong><strong><strong>Cala Estreta &#8211; Montr\u00e0s (35 min)<\/strong><\/strong><\/strong><\/strong><\/strong><\/h3>\n\n\n\n<p>Eine ruhige, versteckte Bucht, umgeben von Klippen und mediterraner Vegetation. Der Zugang erfolgt zu Fu\u00df ab Platja de Castell \u00fcber einen kurzen Wanderweg.<\/p>\n<\/div>\n<\/div>\n\n\n\n<div class=\"wp-block-columns alignwide are-vertically-aligned-center p-m installacions-content back-left is-layout-flex wp-container-core-columns-is-layout-eae17e81 wp-block-columns-is-layout-flex\" style=\"border-radius:5px;margin-top:var(--wp--preset--spacing--70);margin-bottom:var(--wp--preset--spacing--70)\">\n<div class=\"wp-block-column is-vertically-aligned-center is-layout-flow wp-block-column-is-layout-flow\">\n<h3 class=\"wp-block-heading animation--init--once slide-left\"><strong><strong><strong><strong><strong><strong><strong>Platja de Castell &#8211; Palam\u00f3s (35 min)<\/strong><\/strong><\/strong><\/strong><\/strong><\/strong><\/strong><\/h3>\n\n\n\n<p>Ein Strand, der Natur und Geschichte vereint. In der N\u00e4he einer alten iberischen Siedlung gelegen und Teil des Naturschutzgebiets Castell-Cap Roig. Mit \u00fcber 300 m feinem Sand und von Pinien umgeben \u2013 ideal f\u00fcr Familien.<\/p>\n<\/div>\n\n\n\n<div class=\"wp-block-column is-vertically-aligned-center is-layout-flow wp-block-column-is-layout-flow\">\n<div class=\"wp-image-slider has-text-align-left aspect-ratio-3_2\">\n\n                                        \n                    <script>\n                        'use strict';\n\n                        document.addEventListener('DOMContentLoaded', function () {\n\n                            (function() {\n                                const blockSlide = new Splide( '#slide_746', {\n                                    type : 'loop',\n                                    perPage: 1,\n                                                                        \n                                    breakpoints: {\n                                        800: {\n                                            perPage: 1,\n                                                                                    },\n                                        450: {\n                                            perPage: 1,\n                                            \n                                        },\n                                    },\n                                    pagination: false,\n                                    arrows: true,\n                                    gap: 'var(--wp--style--block-gap)',\n                                    i18n: {\n                                        slideLabel: '%s\/%s',\n                                    }\n                                } );\n                                \n\n                                \n                                blockSlide.mount();\n\n                                                                \n                                \n                            })();\n                        })\n                    <\/script>\n\n                    <div class=\"slider-container\"><div class=\"splide galeria-slider galeria-columnas-1\" id=\"slide_746\"><div class=\"splide__track\"><div class=\"splide__list\"><a href=\"https:\/\/www.playabrava.com\/wp-content\/uploads\/platja-de-castell-1.jpg\" id=\"thumb-5904\" class=\"splide__slide image-link\" data-gallery=\"slide_746\"  alt=\" \" class=\"image-link\"><div class=\"image-wrapper\"><img loading=\"lazy\" decoding=\"async\" width=\"1024\" height=\"768\" src=\"https:\/\/www.playabrava.com\/wp-content\/uploads\/platja-de-castell-1.jpg\" class=\"attachment-gallery-large size-gallery-large\" alt=\"\" srcset=\"https:\/\/www.playabrava.com\/wp-content\/uploads\/platja-de-castell-1.jpg 1024w, https:\/\/www.playabrava.com\/wp-content\/uploads\/platja-de-castell-1-768x576.jpg 768w, https:\/\/www.playabrava.com\/wp-content\/uploads\/platja-de-castell-1-512x384.jpg 512w, https:\/\/www.playabrava.com\/wp-content\/uploads\/platja-de-castell-1-256x192.jpg 256w\" sizes=\"auto, (max-width: 1024px) 100vw, 1024px\" \/><\/div><\/a><a href=\"https:\/\/www.playabrava.com\/wp-content\/uploads\/platja-de-castell-2.webp\" id=\"thumb-5910\" class=\"splide__slide image-link\" data-gallery=\"slide_746\"  alt=\" \" class=\"image-link\"><div class=\"image-wrapper\"><img loading=\"lazy\" decoding=\"async\" width=\"1024\" height=\"692\" src=\"https:\/\/www.playabrava.com\/wp-content\/uploads\/platja-de-castell-2.webp\" class=\"attachment-gallery-large size-gallery-large\" alt=\"\" srcset=\"https:\/\/www.playabrava.com\/wp-content\/uploads\/platja-de-castell-2.webp 1024w, https:\/\/www.playabrava.com\/wp-content\/uploads\/platja-de-castell-2-768x519.webp 768w, https:\/\/www.playabrava.com\/wp-content\/uploads\/platja-de-castell-2-512x346.webp 512w, https:\/\/www.playabrava.com\/wp-content\/uploads\/platja-de-castell-2-256x173.webp 256w\" sizes=\"auto, (max-width: 1024px) 100vw, 1024px\" \/><\/div><\/a><\/div><\/div><\/div><\/div>\n                    \n<\/div><\/div>\n<\/div>\n\n\n\n<div class=\"wp-block-columns alignwide are-vertically-aligned-center p-m installacions-content back-right reverse-mobile is-layout-flex wp-container-core-columns-is-layout-eae17e81 wp-block-columns-is-layout-flex\" style=\"border-radius:5px;margin-top:var(--wp--preset--spacing--70);margin-bottom:var(--wp--preset--spacing--70)\">\n<div class=\"wp-block-column is-vertically-aligned-center is-layout-flow wp-block-column-is-layout-flow\">\n<div class=\"wp-image-slider has-text-align-left aspect-ratio-3_2\">\n\n                                        \n                    <script>\n                        'use strict';\n\n                        document.addEventListener('DOMContentLoaded', function () {\n\n                            (function() {\n                                const blockSlide = new Splide( '#slide_460', {\n                                    type : 'loop',\n                                    perPage: 1,\n                                                                        \n                                    breakpoints: {\n                                        800: {\n                                            perPage: 1,\n                                                                                    },\n                                        450: {\n                                            perPage: 1,\n                                            \n                                        },\n                                    },\n                                    pagination: false,\n                                    arrows: true,\n                                    gap: 'var(--wp--style--block-gap)',\n                                    i18n: {\n                                        slideLabel: '%s\/%s',\n                                    }\n                                } );\n                                \n\n                                \n                                blockSlide.mount();\n\n                                                                \n                                \n                            })();\n                        })\n                    <\/script>\n\n                    <div class=\"slider-container\"><div class=\"splide galeria-slider galeria-columnas-1\" id=\"slide_460\"><div class=\"splide__track\"><div class=\"splide__list\"><a href=\"https:\/\/www.playabrava.com\/wp-content\/uploads\/platja-de-la-fosca2.jpg\" id=\"thumb-6241\" class=\"splide__slide image-link\" data-gallery=\"slide_460\"  alt=\" \" class=\"image-link\"><div class=\"image-wrapper\"><img loading=\"lazy\" decoding=\"async\" width=\"640\" height=\"427\" src=\"https:\/\/www.playabrava.com\/wp-content\/uploads\/platja-de-la-fosca2.jpg\" class=\"attachment-gallery-large size-gallery-large\" alt=\"\" srcset=\"https:\/\/www.playabrava.com\/wp-content\/uploads\/platja-de-la-fosca2.jpg 640w, https:\/\/www.playabrava.com\/wp-content\/uploads\/platja-de-la-fosca2-512x342.jpg 512w, https:\/\/www.playabrava.com\/wp-content\/uploads\/platja-de-la-fosca2-256x171.jpg 256w\" sizes=\"auto, (max-width: 640px) 100vw, 640px\" \/><\/div><\/a><a href=\"https:\/\/www.playabrava.com\/wp-content\/uploads\/platja-de-la-fosca1.jpg\" id=\"thumb-6235\" class=\"splide__slide image-link\" data-gallery=\"slide_460\"  alt=\" \" class=\"image-link\"><div class=\"image-wrapper\"><img loading=\"lazy\" decoding=\"async\" width=\"640\" height=\"360\" src=\"https:\/\/www.playabrava.com\/wp-content\/uploads\/platja-de-la-fosca1.jpg\" class=\"attachment-gallery-large size-gallery-large\" alt=\"\" srcset=\"https:\/\/www.playabrava.com\/wp-content\/uploads\/platja-de-la-fosca1.jpg 640w, https:\/\/www.playabrava.com\/wp-content\/uploads\/platja-de-la-fosca1-512x288.jpg 512w, https:\/\/www.playabrava.com\/wp-content\/uploads\/platja-de-la-fosca1-256x144.jpg 256w\" sizes=\"auto, (max-width: 640px) 100vw, 640px\" \/><\/div><\/a><\/div><\/div><\/div><\/div>\n                    \n<\/div><\/div>\n\n\n\n<div class=\"wp-block-column is-vertically-aligned-center is-layout-flow wp-block-column-is-layout-flow\">\n<h3 class=\"wp-block-heading animation--init--once slide-left\"><strong><strong><strong><strong><strong><strong>La Fosca &#8211; Palam\u00f3s (35 min)<\/strong><\/strong><\/strong><\/strong><\/strong><\/strong><\/h3>\n\n\n\n<p>Einer der bekanntesten Str\u00e4nde von Palam\u00f3s. Ber\u00fchmt f\u00fcr seinen goldenen Sand, das klare Wasser und die unber\u00fchrte Natur.<\/p>\n<\/div>\n<\/div>\n<\/div>\n","protected":false},"excerpt":{"rendered":"<p>MEER, NATUR &#038; GESCHICHTE Spektakul\u00e4re Str\u00e4nde und Buchten in Ihrer N\u00e4he Traumhafte Str\u00e4nde und versteckte Buchten ganz in der N\u00e4he des Campingplatzes \u2013 unsere Empfehlungen,&#8230;<\/p>\n","protected":false},"author":2,"featured_media":0,"parent":6939,"menu_order":1,"comment_status":"closed","ping_status":"closed","template":"","meta":{"_acf_changed":false,"inline_featured_image":false,"footnotes":""},"class_list":["post-6949","page","type-page","status-publish","hentry"],"acf":[],"yoast_head":"<!-- This site is optimized with the Yoast SEO plugin v27.1.1 - https:\/\/yoast.com\/product\/yoast-seo-wordpress\/ -->\n<title>Str\u00e4nde &amp; Buchten - Camping Platja Brava<\/title>\n<meta name=\"description\" content=\"Str\u00e4nde &amp; Buchten - Genie\u00dfen Sie die spektakul\u00e4ren Str\u00e4nde und Buchten der Costa Brava, ganz in der N\u00e4he des Campingplatzes Playa Brava. Vom Strand von Pals bis zu versteckteren Pl\u00e4tzen, entdecken Sie paradiesische Orte zum Entspannen und Wassersport treiben.\" \/>\n<meta name=\"robots\" content=\"index, follow, max-snippet:-1, max-image-preview:large, max-video-preview:-1\" \/>\n<link rel=\"canonical\" href=\"https:\/\/www.playabrava.com\/de\/costa-brava\/straende-buchten\/\" \/>\n<meta property=\"og:locale\" content=\"de_DE\" \/>\n<meta property=\"og:type\" content=\"article\" \/>\n<meta property=\"og:title\" content=\"Str\u00e4nde &amp; Buchten - Camping Platja Brava\" \/>\n<meta property=\"og:description\" content=\"Str\u00e4nde &amp; Buchten - Genie\u00dfen Sie die spektakul\u00e4ren Str\u00e4nde und Buchten der Costa Brava, ganz in der N\u00e4he des Campingplatzes Playa Brava. Vom Strand von Pals bis zu versteckteren Pl\u00e4tzen, entdecken Sie paradiesische Orte zum Entspannen und Wassersport treiben.\" \/>\n<meta property=\"og:url\" content=\"https:\/\/www.playabrava.com\/de\/costa-brava\/straende-buchten\/\" \/>\n<meta property=\"og:site_name\" content=\"Camping Platja Brava\" \/>\n<meta property=\"article:publisher\" content=\"https:\/\/www.facebook.com\/campingpals\" \/>\n<meta property=\"article:modified_time\" content=\"2025-04-16T12:58:28+00:00\" \/>\n<meta property=\"og:image\" content=\"https:\/\/www.playabrava.com\/wp-content\/uploads\/platges-top.webp\" \/>\n<meta name=\"twitter:card\" content=\"summary_large_image\" \/>\n<meta name=\"twitter:label1\" content=\"Gesch\u00e4tzte Lesezeit\" \/>\n\t<meta name=\"twitter:data1\" content=\"3\u00a0Minuten\" \/>\n<!-- \/ Yoast SEO plugin. -->","yoast_head_json":{"title":"Str\u00e4nde &amp; Buchten - Camping Platja Brava","description":"Str\u00e4nde &amp; Buchten - Genie\u00dfen Sie die spektakul\u00e4ren Str\u00e4nde und Buchten der Costa Brava, ganz in der N\u00e4he des Campingplatzes Playa Brava. Vom Strand von Pals bis zu versteckteren Pl\u00e4tzen, entdecken Sie paradiesische Orte zum Entspannen und Wassersport treiben.","robots":{"index":"index","follow":"follow","max-snippet":"max-snippet:-1","max-image-preview":"max-image-preview:large","max-video-preview":"max-video-preview:-1"},"canonical":"https:\/\/www.playabrava.com\/de\/costa-brava\/straende-buchten\/","og_locale":"de_DE","og_type":"article","og_title":"Str\u00e4nde &amp; Buchten - Camping Platja Brava","og_description":"Str\u00e4nde &amp; Buchten - Genie\u00dfen Sie die spektakul\u00e4ren Str\u00e4nde und Buchten der Costa Brava, ganz in der N\u00e4he des Campingplatzes Playa Brava. Vom Strand von Pals bis zu versteckteren Pl\u00e4tzen, entdecken Sie paradiesische Orte zum Entspannen und Wassersport treiben.","og_url":"https:\/\/www.playabrava.com\/de\/costa-brava\/straende-buchten\/","og_site_name":"Camping Platja Brava","article_publisher":"https:\/\/www.facebook.com\/campingpals","article_modified_time":"2025-04-16T12:58:28+00:00","og_image":[{"url":"https:\/\/www.playabrava.com\/wp-content\/uploads\/platges-top.webp","type":"","width":"","height":""}],"twitter_card":"summary_large_image","twitter_misc":{"Gesch\u00e4tzte Lesezeit":"3\u00a0Minuten"},"schema":{"@context":"https:\/\/schema.org","@graph":[{"@type":"WebPage","@id":"https:\/\/www.playabrava.com\/de\/costa-brava\/straende-buchten\/","url":"https:\/\/www.playabrava.com\/de\/costa-brava\/straende-buchten\/","name":"Str\u00e4nde &amp; Buchten - Camping Platja Brava","isPartOf":{"@id":"https:\/\/www.playabrava.com\/de\/#website"},"primaryImageOfPage":{"@id":"https:\/\/www.playabrava.com\/de\/costa-brava\/straende-buchten\/#primaryimage"},"image":{"@id":"https:\/\/www.playabrava.com\/de\/costa-brava\/straende-buchten\/#primaryimage"},"thumbnailUrl":"https:\/\/www.playabrava.com\/wp-content\/uploads\/platges-top.webp","datePublished":"2025-02-21T12:48:30+00:00","dateModified":"2025-04-16T12:58:28+00:00","description":"Str\u00e4nde &amp; Buchten - Genie\u00dfen Sie die spektakul\u00e4ren Str\u00e4nde und Buchten der Costa Brava, ganz in der N\u00e4he des Campingplatzes Playa Brava. Vom Strand von Pals bis zu versteckteren Pl\u00e4tzen, entdecken Sie paradiesische Orte zum Entspannen und Wassersport treiben.","breadcrumb":{"@id":"https:\/\/www.playabrava.com\/de\/costa-brava\/straende-buchten\/#breadcrumb"},"inLanguage":"de","potentialAction":[{"@type":"ReadAction","target":["https:\/\/www.playabrava.com\/de\/costa-brava\/straende-buchten\/"]}]},{"@type":"ImageObject","inLanguage":"de","@id":"https:\/\/www.playabrava.com\/de\/costa-brava\/straende-buchten\/#primaryimage","url":"https:\/\/www.playabrava.com\/wp-content\/uploads\/platges-top.webp","contentUrl":"https:\/\/www.playabrava.com\/wp-content\/uploads\/platges-top.webp"},{"@type":"BreadcrumbList","@id":"https:\/\/www.playabrava.com\/de\/costa-brava\/straende-buchten\/#breadcrumb","itemListElement":[{"@type":"ListItem","position":1,"name":"Portada","item":"https:\/\/www.playabrava.com\/de\/"},{"@type":"ListItem","position":2,"name":"COSTA BRAVA","item":"https:\/\/www.playabrava.com\/de\/?page_id=6939"},{"@type":"ListItem","position":3,"name":"Str\u00e4nde &amp; Buchten"}]},{"@type":"WebSite","@id":"https:\/\/www.playabrava.com\/de\/#website","url":"https:\/\/www.playabrava.com\/de\/","name":"Camping Platja Brava","description":"Camping i Bungalous a Platja de Pals | Gaudeix de la Natura a la Costa Brava","publisher":{"@id":"https:\/\/www.playabrava.com\/de\/#organization"},"potentialAction":[{"@type":"SearchAction","target":{"@type":"EntryPoint","urlTemplate":"https:\/\/www.playabrava.com\/de\/?s={search_term_string}"},"query-input":{"@type":"PropertyValueSpecification","valueRequired":true,"valueName":"search_term_string"}}],"inLanguage":"de"},{"@type":"Organization","@id":"https:\/\/www.playabrava.com\/de\/#organization","name":"Camping Platja Brava","url":"https:\/\/www.playabrava.com\/de\/","logo":{"@type":"ImageObject","inLanguage":"de","@id":"https:\/\/www.playabrava.com\/de\/#\/schema\/logo\/image\/","url":"https:\/\/www.playabrava.com\/wp-content\/uploads\/cropped-logo-platjabrava.png","contentUrl":"https:\/\/www.playabrava.com\/wp-content\/uploads\/cropped-logo-platjabrava.png","width":250,"height":50,"caption":"Camping Platja Brava"},"image":{"@id":"https:\/\/www.playabrava.com\/de\/#\/schema\/logo\/image\/"},"sameAs":["https:\/\/www.facebook.com\/campingpals","https:\/\/www.instagram.com\/campingplatjabrava\/","https:\/\/www.youtube.com\/@campingplayabrava1369","https:\/\/www.tripadvisor.es\/Hotel_Review-g580332-d1195447-Reviews-Camping_Bungalows_Platja_Brava-Pals_Costa_Brava_Province_of_Girona_Catalonia.html"]}]}},"_links":{"self":[{"href":"https:\/\/www.playabrava.com\/de\/wp-json\/wp\/v2\/pages\/6949","targetHints":{"allow":["GET"]}}],"collection":[{"href":"https:\/\/www.playabrava.com\/de\/wp-json\/wp\/v2\/pages"}],"about":[{"href":"https:\/\/www.playabrava.com\/de\/wp-json\/wp\/v2\/types\/page"}],"author":[{"embeddable":true,"href":"https:\/\/www.playabrava.com\/de\/wp-json\/wp\/v2\/users\/2"}],"replies":[{"embeddable":true,"href":"https:\/\/www.playabrava.com\/de\/wp-json\/wp\/v2\/comments?post=6949"}],"version-history":[{"count":1,"href":"https:\/\/www.playabrava.com\/de\/wp-json\/wp\/v2\/pages\/6949\/revisions"}],"predecessor-version":[{"id":7534,"href":"https:\/\/www.playabrava.com\/de\/wp-json\/wp\/v2\/pages\/6949\/revisions\/7534"}],"up":[{"embeddable":true,"href":"https:\/\/www.playabrava.com\/de\/wp-json\/wp\/v2\/pages\/6939"}],"wp:attachment":[{"href":"https:\/\/www.playabrava.com\/de\/wp-json\/wp\/v2\/media?parent=6949"}],"curies":[{"name":"wp","href":"https:\/\/api.w.org\/{rel}","templated":true}]}}