{"id":6955,"date":"2025-02-20T09:49:00","date_gmt":"2025-02-20T08:49:00","guid":{"rendered":"https:\/\/www.playabrava.com\/costa-brava\/parcs-naturals\/"},"modified":"2025-06-04T19:48:47","modified_gmt":"2025-06-04T17:48:47","slug":"parques-naturales","status":"publish","type":"page","link":"https:\/\/www.playabrava.com\/es\/costa-brava\/parques-naturales\/","title":{"rendered":"Parques naturales"},"content":{"rendered":"\n<div class=\"wp-block-cover alignfull has-custom-content-position is-position-bottom-center\" style=\"border-bottom-left-radius:50px;border-bottom-right-radius:50px;margin-top:0;margin-bottom:0;min-height:70vh;aspect-ratio:unset;\"><img loading=\"lazy\" decoding=\"async\" width=\"1920\" height=\"1278\" class=\"wp-block-cover__image-background wp-image-4025\" alt=\"\" src=\"https:\/\/www.playabrava.com\/wp-content\/uploads\/top-costa.jpg\" data-object-fit=\"cover\" srcset=\"https:\/\/www.playabrava.com\/wp-content\/uploads\/\/top-costa.jpg 1920w, https:\/\/www.playabrava.com\/wp-content\/uploads\/\/top-costa-1024x682.jpg 1024w, https:\/\/www.playabrava.com\/wp-content\/uploads\/\/top-costa-768x511.jpg 768w, https:\/\/www.playabrava.com\/wp-content\/uploads\/\/top-costa-1536x1022.jpg 1536w, https:\/\/www.playabrava.com\/wp-content\/uploads\/\/top-costa-512x341.jpg 512w, https:\/\/www.playabrava.com\/wp-content\/uploads\/\/top-costa-256x170.jpg 256w\" sizes=\"auto, (max-width: 1920px) 100vw, 1920px\" \/><span aria-hidden=\"true\" class=\"wp-block-cover__background has-background-dim-20 has-background-dim\"><\/span><div class=\"wp-block-cover__inner-container is-layout-constrained wp-block-cover-is-layout-constrained\">\n<div class=\"wp-block-group is-layout-constrained wp-block-group-is-layout-constrained\" style=\"padding-bottom:var(--wp--preset--spacing--60)\">\n<h1 class=\"wp-block-heading has-text-align-center animation--init--once slide-up has-theme-white-color has-text-color has-link-color has-h-1-font-size wp-elements-85f21de9dffff26834759343ac095f41\"><strong>Parques naturales<\/strong><\/h1>\n<\/div>\n<\/div><\/div>\n\n\n\n<h2 class=\"wp-block-heading has-text-align-center animation--init--once slide-up\"><strong><sup>Flora y fauna<\/sup><\/strong><br><strong>Parques naturales de la Costa Brava&nbsp;<\/strong><\/h2>\n\n\n\n<div class=\"wp-block-group is-layout-constrained wp-block-group-is-layout-constrained\">\n<figure class=\"wp-block-image aligncenter size-large animation--init--once pop-up\"><img loading=\"lazy\" decoding=\"async\" width=\"67\" height=\"13\" src=\"https:\/\/www.playabrava.com\/wp-content\/uploads\/stars.svg\" alt=\"\" class=\"wp-image-1151\"\/><\/figure>\n\n\n\n<p>La <strong>Costa Brava<\/strong> es un verdadero para\u00edso natural donde la belleza del Mediterr\u00e1neo se combina con paisajes verdes llenos de riqueza ecol\u00f3gica. Sus parques naturales, que protegen una biodiversidad \u00fanica, hacen de esta regi\u00f3n un perfecto refugio para los amantes de la naturaleza.<\/p>\n<\/div>\n\n\n\n<div class=\"wp-block-group alignfull is-layout-constrained wp-block-group-is-layout-constrained\" style=\"margin-top:0;margin-bottom:0\">\n<div class=\"wp-block-columns alignwide are-vertically-aligned-center p-m installacions-content back-left is-layout-flex wp-container-core-columns-is-layout-eae17e81 wp-block-columns-is-layout-flex\" style=\"border-radius:5px;margin-top:var(--wp--preset--spacing--70);margin-bottom:var(--wp--preset--spacing--70)\">\n<div class=\"wp-block-column is-vertically-aligned-center is-layout-flow wp-block-column-is-layout-flow\">\n<h3 class=\"wp-block-heading animation--init--once slide-left\"><strong><strong>Parque Natural del Montgr\u00ed, las Islas Medas y el Baix Ter: un para\u00edso de biodiversidad<\/strong><\/strong><\/h3>\n\n\n\n<p>El Parque destaca por su gran diversidad de paisajes y ecosistemas. Aproximadamente un 75% del parque es terrestre y un 25% marino, extendi\u00e9ndose por 8 municipios.<\/p>\n\n\n\n<p>El macizo del Montgr\u00ed, una imponente formaci\u00f3n calc\u00e1rea, domina la regi\u00f3n con su perfil caracter\u00edstico y conserva un rico patrimonio hist\u00f3rico, como el castillo medieval y restos de antiguos asentamientos. Adem\u00e1s, acoge una gran diversidad de flora, incluyendo diversas especies de orqu\u00eddeas, y fauna caracter\u00edstica como el duque, el \u00e1guila perdicera y diversas especies de murci\u00e9lagos.<\/p>\n\n\n\n<p>Las Islas Medas, un archipi\u00e9lago cercano de gran valor ecol\u00f3gico, son famosas por sus praderas de Posidonia, paredes de coral y cuevas submarinas, convirti\u00e9ndose en un destino de referencia para el submarinismo. Sus aguas albergan una gran diversidad de especies marinas, formando un ecosistema de un valor ecol\u00f3gico excepcional.<\/p>\n\n\n\n<p>Playas y dunas, con m\u00e1s de seis kil\u00f3metros de playas naturales y sistemas dunares bien conservados, son el h\u00e1bitat de especies emblem\u00e1ticas como la lagartija cenicienta, el chorlitejo patinegro y flora aut\u00f3ctona como el lirio de mar.<\/p>\n\n\n\n<p>Humedales y marismas, formados por la interacci\u00f3n de los r\u00edos Ter y Dar\u00f3 con el mar, son refugios de biodiversidad donde habitan numerosas especies. La llanura agr\u00edcola del Baix Ter se caracteriza por sus cultivos, destacando los arrozales y los campos de olivos, que tienen una larga tradici\u00f3n.<\/p>\n\n\n\n<p>El parque natural ofrece una amplia variedad de actividades tur\u00edsticas, desde senderismo y cicloturismo a deportes n\u00e1uticos y visitas culturales.<\/p>\n\n\n\n<div class=\"wp-block-buttons is-layout-flex wp-block-buttons-is-layout-flex\">\n<div class=\"wp-block-button\"><a class=\"wp-block-button__link wp-element-button\" href=\"https:\/\/parcsnaturals.gencat.cat\/ca\/xarxa-de-parcs\/illes-medes\/inici\/\" target=\"_blank\" rel=\"noreferrer noopener\">M\u00c1S INFORMACI\u00d3N<\/a><\/div>\n<\/div>\n<\/div>\n\n\n\n<div class=\"wp-block-column is-vertically-aligned-center is-layout-flow wp-block-column-is-layout-flow\">\n<div class=\"wp-image-slider has-text-align-left aspect-ratio-3_2\">\n\n                                        \n                    <script>\n                        'use strict';\n\n                        document.addEventListener('DOMContentLoaded', function () {\n\n                            (function() {\n                                const blockSlide = new Splide( '#slide_511', {\n                                    type : 'loop',\n                                    perPage: 1,\n                                                                        \n                                    breakpoints: {\n                                        800: {\n                                            perPage: 1,\n                                                                                    },\n                                        450: {\n                                            perPage: 1,\n                                            \n                                        },\n                                    },\n                                    pagination: false,\n                                    arrows: true,\n                                    gap: 'var(--wp--style--block-gap)',\n                                    i18n: {\n                                        slideLabel: '%s\/%s',\n                                    }\n                                } );\n                                \n\n                                \n                                blockSlide.mount();\n\n                                                                \n                                \n                            })();\n                        })\n                    <\/script>\n\n                    <div class=\"slider-container\"><div class=\"splide galeria-slider galeria-columnas-1\" id=\"slide_511\"><div class=\"splide__track\"><div class=\"splide__list\"><a href=\"https:\/\/www.playabrava.com\/wp-content\/uploads\/lestartit-parc-natural-del-montgri-les-illes-medes-i-el-baix-ter-jordi-renart-arxiu-imatges-ptcbg-1.jpg\" id=\"thumb-5676\" class=\"splide__slide image-link\" data-gallery=\"slide_511\"  alt=\" \" class=\"image-link\"><div class=\"image-wrapper\"><img loading=\"lazy\" decoding=\"async\" width=\"1024\" height=\"696\" src=\"https:\/\/www.playabrava.com\/wp-content\/uploads\/lestartit-parc-natural-del-montgri-les-illes-medes-i-el-baix-ter-jordi-renart-arxiu-imatges-ptcbg-1.jpg\" class=\"attachment-gallery-large size-gallery-large\" alt=\"\" srcset=\"https:\/\/www.playabrava.com\/wp-content\/uploads\/lestartit-parc-natural-del-montgri-les-illes-medes-i-el-baix-ter-jordi-renart-arxiu-imatges-ptcbg-1.jpg 1024w, https:\/\/www.playabrava.com\/wp-content\/uploads\/lestartit-parc-natural-del-montgri-les-illes-medes-i-el-baix-ter-jordi-renart-arxiu-imatges-ptcbg-1-768x522.jpg 768w, https:\/\/www.playabrava.com\/wp-content\/uploads\/lestartit-parc-natural-del-montgri-les-illes-medes-i-el-baix-ter-jordi-renart-arxiu-imatges-ptcbg-1-512x348.jpg 512w, https:\/\/www.playabrava.com\/wp-content\/uploads\/lestartit-parc-natural-del-montgri-les-illes-medes-i-el-baix-ter-jordi-renart-arxiu-imatges-ptcbg-1-256x174.jpg 256w\" sizes=\"auto, (max-width: 1024px) 100vw, 1024px\" \/><\/div><\/a><a href=\"https:\/\/www.playabrava.com\/wp-content\/uploads\/illes-medes-anna-pla-narbona-arxiu-imatges-ptcbg.jpg\" id=\"thumb-5682\" class=\"splide__slide image-link\" data-gallery=\"slide_511\"  alt=\" \" class=\"image-link\"><div class=\"image-wrapper\"><img loading=\"lazy\" decoding=\"async\" width=\"1024\" height=\"683\" src=\"https:\/\/www.playabrava.com\/wp-content\/uploads\/illes-medes-anna-pla-narbona-arxiu-imatges-ptcbg.jpg\" class=\"attachment-gallery-large size-gallery-large\" alt=\"\" srcset=\"https:\/\/www.playabrava.com\/wp-content\/uploads\/illes-medes-anna-pla-narbona-arxiu-imatges-ptcbg.jpg 1024w, https:\/\/www.playabrava.com\/wp-content\/uploads\/illes-medes-anna-pla-narbona-arxiu-imatges-ptcbg-768x512.jpg 768w, https:\/\/www.playabrava.com\/wp-content\/uploads\/illes-medes-anna-pla-narbona-arxiu-imatges-ptcbg-512x342.jpg 512w, https:\/\/www.playabrava.com\/wp-content\/uploads\/illes-medes-anna-pla-narbona-arxiu-imatges-ptcbg-256x171.jpg 256w\" sizes=\"auto, (max-width: 1024px) 100vw, 1024px\" \/><\/div><\/a><a href=\"https:\/\/www.playabrava.com\/wp-content\/uploads\/pals-jordi-renart-arxiu-imatges-ptcbg.jpg\" id=\"thumb-22014\" class=\"splide__slide image-link\" data-gallery=\"slide_511\"  alt=\" \" class=\"image-link\"><div class=\"image-wrapper\"><img loading=\"lazy\" decoding=\"async\" width=\"1024\" height=\"683\" src=\"https:\/\/www.playabrava.com\/wp-content\/uploads\/pals-jordi-renart-arxiu-imatges-ptcbg.jpg\" class=\"attachment-gallery-large size-gallery-large\" alt=\"\" srcset=\"https:\/\/www.playabrava.com\/wp-content\/uploads\/pals-jordi-renart-arxiu-imatges-ptcbg.jpg 1024w, https:\/\/www.playabrava.com\/wp-content\/uploads\/pals-jordi-renart-arxiu-imatges-ptcbg-768x512.jpg 768w, https:\/\/www.playabrava.com\/wp-content\/uploads\/pals-jordi-renart-arxiu-imatges-ptcbg-512x342.jpg 512w, https:\/\/www.playabrava.com\/wp-content\/uploads\/pals-jordi-renart-arxiu-imatges-ptcbg-256x171.jpg 256w\" sizes=\"auto, (max-width: 1024px) 100vw, 1024px\" \/><\/div><\/a><a href=\"https:\/\/www.playabrava.com\/wp-content\/uploads\/parc-natural-montgri-2.jpg\" id=\"thumb-5688\" class=\"splide__slide image-link\" data-gallery=\"slide_511\"  alt=\" \" class=\"image-link\"><div class=\"image-wrapper\"><img loading=\"lazy\" decoding=\"async\" width=\"1500\" height=\"580\" src=\"https:\/\/www.playabrava.com\/wp-content\/uploads\/parc-natural-montgri-2.jpg\" class=\"attachment-gallery-large size-gallery-large\" alt=\"\" srcset=\"https:\/\/www.playabrava.com\/wp-content\/uploads\/parc-natural-montgri-2.jpg 1500w, https:\/\/www.playabrava.com\/wp-content\/uploads\/parc-natural-montgri-2-1024x396.jpg 1024w, https:\/\/www.playabrava.com\/wp-content\/uploads\/parc-natural-montgri-2-768x297.jpg 768w, https:\/\/www.playabrava.com\/wp-content\/uploads\/parc-natural-montgri-2-512x198.jpg 512w, https:\/\/www.playabrava.com\/wp-content\/uploads\/parc-natural-montgri-2-256x99.jpg 256w\" sizes=\"auto, (max-width: 1500px) 100vw, 1500px\" \/><\/div><\/a><a href=\"https:\/\/www.playabrava.com\/wp-content\/uploads\/parc-natural-montgri.jpg\" id=\"thumb-5694\" class=\"splide__slide image-link\" data-gallery=\"slide_511\"  alt=\" \" class=\"image-link\"><div class=\"image-wrapper\"><img loading=\"lazy\" decoding=\"async\" width=\"1200\" height=\"800\" src=\"https:\/\/www.playabrava.com\/wp-content\/uploads\/parc-natural-montgri.jpg\" class=\"attachment-gallery-large size-gallery-large\" alt=\"\" srcset=\"https:\/\/www.playabrava.com\/wp-content\/uploads\/parc-natural-montgri.jpg 1200w, https:\/\/www.playabrava.com\/wp-content\/uploads\/parc-natural-montgri-1024x683.jpg 1024w, https:\/\/www.playabrava.com\/wp-content\/uploads\/parc-natural-montgri-768x512.jpg 768w, https:\/\/www.playabrava.com\/wp-content\/uploads\/parc-natural-montgri-512x341.jpg 512w, https:\/\/www.playabrava.com\/wp-content\/uploads\/parc-natural-montgri-256x171.jpg 256w\" sizes=\"auto, (max-width: 1200px) 100vw, 1200px\" \/><\/div><\/a><\/div><\/div><\/div><\/div>\n                    \n<\/div><\/div>\n<\/div>\n\n\n\n<div class=\"wp-block-columns alignwide are-vertically-aligned-center p-m installacions-content back-right reverse-mobile is-layout-flex wp-container-core-columns-is-layout-eae17e81 wp-block-columns-is-layout-flex\" style=\"border-radius:5px;margin-top:var(--wp--preset--spacing--70);margin-bottom:var(--wp--preset--spacing--70)\">\n<div class=\"wp-block-column is-vertically-aligned-center is-layout-flow wp-block-column-is-layout-flow\">\n<div class=\"wp-image-slider has-text-align-left aspect-ratio-3_2\">\n\n                                        \n                    <script>\n                        'use strict';\n\n                        document.addEventListener('DOMContentLoaded', function () {\n\n                            (function() {\n                                const blockSlide = new Splide( '#slide_807', {\n                                    type : 'loop',\n                                    perPage: 1,\n                                                                        \n                                    breakpoints: {\n                                        800: {\n                                            perPage: 1,\n                                                                                    },\n                                        450: {\n                                            perPage: 1,\n                                            \n                                        },\n                                    },\n                                    pagination: false,\n                                    arrows: true,\n                                    gap: 'var(--wp--style--block-gap)',\n                                    i18n: {\n                                        slideLabel: '%s\/%s',\n                                    }\n                                } );\n                                \n\n                                \n                                blockSlide.mount();\n\n                                                                \n                                \n                            })();\n                        })\n                    <\/script>\n\n                    <div class=\"slider-container\"><div class=\"splide galeria-slider galeria-columnas-1\" id=\"slide_807\"><div class=\"splide__track\"><div class=\"splide__list\"><a href=\"https:\/\/www.playabrava.com\/wp-content\/uploads\/cap-de-creus-maria-geli-pilar-planaguma-arxiu-imatges-ptcbg-2.jpg\" id=\"thumb-5670\" class=\"splide__slide image-link\" data-gallery=\"slide_807\"  alt=\" \" class=\"image-link\"><div class=\"image-wrapper\"><img loading=\"lazy\" decoding=\"async\" width=\"1024\" height=\"683\" src=\"https:\/\/www.playabrava.com\/wp-content\/uploads\/cap-de-creus-maria-geli-pilar-planaguma-arxiu-imatges-ptcbg-2.jpg\" class=\"attachment-gallery-large size-gallery-large\" alt=\"\" srcset=\"https:\/\/www.playabrava.com\/wp-content\/uploads\/cap-de-creus-maria-geli-pilar-planaguma-arxiu-imatges-ptcbg-2.jpg 1024w, https:\/\/www.playabrava.com\/wp-content\/uploads\/cap-de-creus-maria-geli-pilar-planaguma-arxiu-imatges-ptcbg-2-768x512.jpg 768w, https:\/\/www.playabrava.com\/wp-content\/uploads\/cap-de-creus-maria-geli-pilar-planaguma-arxiu-imatges-ptcbg-2-512x342.jpg 512w, https:\/\/www.playabrava.com\/wp-content\/uploads\/cap-de-creus-maria-geli-pilar-planaguma-arxiu-imatges-ptcbg-2-256x171.jpg 256w\" sizes=\"auto, (max-width: 1024px) 100vw, 1024px\" \/><\/div><\/a><a href=\"https:\/\/www.playabrava.com\/wp-content\/uploads\/cap-de-creus-josep-miquel-guasch-arxiu-imatges-ptcbg-1.jpg\" id=\"thumb-22021\" class=\"splide__slide image-link\" data-gallery=\"slide_807\"  alt=\" \" class=\"image-link\"><div class=\"image-wrapper\"><img loading=\"lazy\" decoding=\"async\" width=\"1024\" height=\"545\" src=\"https:\/\/www.playabrava.com\/wp-content\/uploads\/cap-de-creus-josep-miquel-guasch-arxiu-imatges-ptcbg-1.jpg\" class=\"attachment-gallery-large size-gallery-large\" alt=\"\" srcset=\"https:\/\/www.playabrava.com\/wp-content\/uploads\/cap-de-creus-josep-miquel-guasch-arxiu-imatges-ptcbg-1.jpg 1024w, https:\/\/www.playabrava.com\/wp-content\/uploads\/cap-de-creus-josep-miquel-guasch-arxiu-imatges-ptcbg-1-768x409.jpg 768w, https:\/\/www.playabrava.com\/wp-content\/uploads\/cap-de-creus-josep-miquel-guasch-arxiu-imatges-ptcbg-1-512x273.jpg 512w, https:\/\/www.playabrava.com\/wp-content\/uploads\/cap-de-creus-josep-miquel-guasch-arxiu-imatges-ptcbg-1-256x136.jpg 256w\" sizes=\"auto, (max-width: 1024px) 100vw, 1024px\" \/><\/div><\/a><a href=\"https:\/\/www.playabrava.com\/wp-content\/uploads\/el-port-de-la-selva-josep-miquel-guasch-arxiu-imatges-ptcbg.jpg\" id=\"thumb-22027\" class=\"splide__slide image-link\" data-gallery=\"slide_807\"  alt=\" \" class=\"image-link\"><div class=\"image-wrapper\"><img loading=\"lazy\" decoding=\"async\" width=\"1024\" height=\"573\" src=\"https:\/\/www.playabrava.com\/wp-content\/uploads\/el-port-de-la-selva-josep-miquel-guasch-arxiu-imatges-ptcbg.jpg\" class=\"attachment-gallery-large size-gallery-large\" alt=\"\" srcset=\"https:\/\/www.playabrava.com\/wp-content\/uploads\/el-port-de-la-selva-josep-miquel-guasch-arxiu-imatges-ptcbg.jpg 1024w, https:\/\/www.playabrava.com\/wp-content\/uploads\/el-port-de-la-selva-josep-miquel-guasch-arxiu-imatges-ptcbg-768x430.jpg 768w, https:\/\/www.playabrava.com\/wp-content\/uploads\/el-port-de-la-selva-josep-miquel-guasch-arxiu-imatges-ptcbg-512x287.jpg 512w, https:\/\/www.playabrava.com\/wp-content\/uploads\/el-port-de-la-selva-josep-miquel-guasch-arxiu-imatges-ptcbg-256x143.jpg 256w\" sizes=\"auto, (max-width: 1024px) 100vw, 1024px\" \/><\/div><\/a><\/div><\/div><\/div><\/div>\n                    \n<\/div><\/div>\n\n\n\n<div class=\"wp-block-column is-vertically-aligned-center is-layout-flow wp-block-column-is-layout-flow\">\n<h3 class=\"wp-block-heading animation--init--once slide-left\">Parque Natural del Cabo de Creus: naturaleza salvaje y belleza ind\u00f3mita<\/h3>\n\n\n\n<p>El Cap de Creus es el rinc\u00f3n m\u00e1s agreste y fascinante de la Costa Brava, un paraje natural donde la tierra y el mar se encuentran de forma \u00fanica. Sus paisajes, moldeados por el viento de la tramontana y el vaiv\u00e9n del Mediterr\u00e1neo, crean un escenario lleno de formaciones rocosas surrealistas, calas escondidas y acantilados que parecen esculpidos por la misma naturaleza.<\/p>\n\n\n\n<p>A tan s\u00f3lo una hora en coche desde nuestro camping, el Cabo de Creus te espera para una experiencia inolvidable. Este parque natural, el m\u00e1s oriental de la Pen\u00ednsula Ib\u00e9rica, es un refugio para quienes buscan aventura y tranquilidad. Sus senderos serpenteantes ofrecen vistas espectaculares al mar y conducen a rincones de ensue\u00f1o, como Cala Culip o Cala Jugadora, perfectos para nadar en aguas cristalinas.<\/p>\n\n\n\n<p>Pero el Cabo de Creus no es s\u00f3lo naturaleza; tambi\u00e9n es inspiraci\u00f3n. Este paisaje cautiv\u00f3 a Salvador Dal\u00ed, que le plasm\u00f3 en muchas de sus obras. Su singularidad y magnetismo le convierten en un destino imprescindible para los amantes de la fotograf\u00eda, la geolog\u00eda o, simplemente, para aquellos que quieren desconectar en un entorno \u00fanico.<\/p>\n\n\n\n<div class=\"wp-block-buttons is-layout-flex wp-block-buttons-is-layout-flex\">\n<div class=\"wp-block-button\"><a class=\"wp-block-button__link wp-element-button\" href=\"https:\/\/parcsnaturals.gencat.cat\/ca\/xarxa-de-parcs\/cap-creus\/inici\/\" target=\"_blank\" rel=\"noreferrer noopener\">M\u00c1S INFORMACI\u00d3N<\/a><\/div>\n<\/div>\n<\/div>\n<\/div>\n<\/div>\n","protected":false},"excerpt":{"rendered":"<p>Flora y faunaParques naturales de la Costa Brava&nbsp; La Costa Brava es un verdadero para\u00edso natural donde la belleza del Mediterr\u00e1neo se combina con paisajes&#8230;<\/p>\n","protected":false},"author":2,"featured_media":0,"parent":6940,"menu_order":2,"comment_status":"closed","ping_status":"closed","template":"","meta":{"_acf_changed":false,"inline_featured_image":false,"footnotes":""},"class_list":["post-6955","page","type-page","status-publish","hentry"],"acf":[],"yoast_head":"<!-- This site is optimized with the Yoast SEO plugin v27.1.1 - https:\/\/yoast.com\/product\/yoast-seo-wordpress\/ -->\n<title>Parque Natural del Montgr\u00ed<\/title>\n<meta name=\"description\" content=\"Parques naturales - Explora el Parque Natural del Montgr\u00ed, con rutas de senderismo, fauna local y paisajes incre\u00edbles. El Camping Playa Brava te permite disfrutar de la naturaleza en todo su esplendor a pocos minutos de los parques m\u00e1s bonitos de la regi\u00f3n.\" \/>\n<meta name=\"robots\" content=\"index, follow, max-snippet:-1, max-image-preview:large, max-video-preview:-1\" \/>\n<link rel=\"canonical\" href=\"https:\/\/www.playabrava.com\/es\/costa-brava\/parques-naturales\/\" \/>\n<meta property=\"og:locale\" content=\"es_ES\" \/>\n<meta property=\"og:type\" content=\"article\" \/>\n<meta property=\"og:title\" content=\"Parque Natural del Montgr\u00ed\" \/>\n<meta property=\"og:description\" content=\"Parques naturales - Explora el Parque Natural del Montgr\u00ed, con rutas de senderismo, fauna local y paisajes incre\u00edbles. El Camping Playa Brava te permite disfrutar de la naturaleza en todo su esplendor a pocos minutos de los parques m\u00e1s bonitos de la regi\u00f3n.\" \/>\n<meta property=\"og:url\" content=\"https:\/\/www.playabrava.com\/es\/costa-brava\/parques-naturales\/\" \/>\n<meta property=\"og:site_name\" content=\"Camping Platja Brava\" \/>\n<meta property=\"article:publisher\" content=\"https:\/\/www.facebook.com\/campingpals\" \/>\n<meta property=\"article:modified_time\" content=\"2025-06-04T17:48:47+00:00\" \/>\n<meta property=\"og:image\" content=\"https:\/\/www.playabrava.com\/wp-content\/uploads\/top-costa.jpg\" \/>\n<meta name=\"twitter:card\" content=\"summary_large_image\" \/>\n<meta name=\"twitter:label1\" content=\"Tiempo de lectura\" \/>\n\t<meta name=\"twitter:data1\" content=\"4 minutos\" \/>\n<!-- \/ Yoast SEO plugin. -->","yoast_head_json":{"title":"Parque Natural del Montgr\u00ed","description":"Parques naturales - Explora el Parque Natural del Montgr\u00ed, con rutas de senderismo, fauna local y paisajes incre\u00edbles. El Camping Playa Brava te permite disfrutar de la naturaleza en todo su esplendor a pocos minutos de los parques m\u00e1s bonitos de la regi\u00f3n.","robots":{"index":"index","follow":"follow","max-snippet":"max-snippet:-1","max-image-preview":"max-image-preview:large","max-video-preview":"max-video-preview:-1"},"canonical":"https:\/\/www.playabrava.com\/es\/costa-brava\/parques-naturales\/","og_locale":"es_ES","og_type":"article","og_title":"Parque Natural del Montgr\u00ed","og_description":"Parques naturales - Explora el Parque Natural del Montgr\u00ed, con rutas de senderismo, fauna local y paisajes incre\u00edbles. El Camping Playa Brava te permite disfrutar de la naturaleza en todo su esplendor a pocos minutos de los parques m\u00e1s bonitos de la regi\u00f3n.","og_url":"https:\/\/www.playabrava.com\/es\/costa-brava\/parques-naturales\/","og_site_name":"Camping Platja Brava","article_publisher":"https:\/\/www.facebook.com\/campingpals","article_modified_time":"2025-06-04T17:48:47+00:00","og_image":[{"url":"https:\/\/www.playabrava.com\/wp-content\/uploads\/top-costa.jpg","type":"","width":"","height":""}],"twitter_card":"summary_large_image","twitter_misc":{"Tiempo de lectura":"4 minutos"},"schema":{"@context":"https:\/\/schema.org","@graph":[{"@type":"WebPage","@id":"https:\/\/www.playabrava.com\/es\/costa-brava\/parques-naturales\/","url":"https:\/\/www.playabrava.com\/es\/costa-brava\/parques-naturales\/","name":"Parque Natural del Montgr\u00ed","isPartOf":{"@id":"https:\/\/www.playabrava.com\/es\/#website"},"primaryImageOfPage":{"@id":"https:\/\/www.playabrava.com\/es\/costa-brava\/parques-naturales\/#primaryimage"},"image":{"@id":"https:\/\/www.playabrava.com\/es\/costa-brava\/parques-naturales\/#primaryimage"},"thumbnailUrl":"https:\/\/www.playabrava.com\/wp-content\/uploads\/top-costa.jpg","datePublished":"2025-02-20T08:49:00+00:00","dateModified":"2025-06-04T17:48:47+00:00","description":"Parques naturales - Explora el Parque Natural del Montgr\u00ed, con rutas de senderismo, fauna local y paisajes incre\u00edbles. El Camping Playa Brava te permite disfrutar de la naturaleza en todo su esplendor a pocos minutos de los parques m\u00e1s bonitos de la regi\u00f3n.","breadcrumb":{"@id":"https:\/\/www.playabrava.com\/es\/costa-brava\/parques-naturales\/#breadcrumb"},"inLanguage":"es","potentialAction":[{"@type":"ReadAction","target":["https:\/\/www.playabrava.com\/es\/costa-brava\/parques-naturales\/"]}]},{"@type":"ImageObject","inLanguage":"es","@id":"https:\/\/www.playabrava.com\/es\/costa-brava\/parques-naturales\/#primaryimage","url":"https:\/\/www.playabrava.com\/wp-content\/uploads\/top-costa.jpg","contentUrl":"https:\/\/www.playabrava.com\/wp-content\/uploads\/top-costa.jpg"},{"@type":"BreadcrumbList","@id":"https:\/\/www.playabrava.com\/es\/costa-brava\/parques-naturales\/#breadcrumb","itemListElement":[{"@type":"ListItem","position":1,"name":"Portada","item":"https:\/\/www.playabrava.com\/es\/"},{"@type":"ListItem","position":2,"name":"COSTA BRAVA","item":"https:\/\/www.playabrava.com\/es\/?page_id=6940"},{"@type":"ListItem","position":3,"name":"Parques naturales"}]},{"@type":"WebSite","@id":"https:\/\/www.playabrava.com\/es\/#website","url":"https:\/\/www.playabrava.com\/es\/","name":"Camping Platja Brava","description":"Camping i Bungalous a Platja de Pals | Gaudeix de la Natura a la Costa Brava","publisher":{"@id":"https:\/\/www.playabrava.com\/es\/#organization"},"potentialAction":[{"@type":"SearchAction","target":{"@type":"EntryPoint","urlTemplate":"https:\/\/www.playabrava.com\/es\/?s={search_term_string}"},"query-input":{"@type":"PropertyValueSpecification","valueRequired":true,"valueName":"search_term_string"}}],"inLanguage":"es"},{"@type":"Organization","@id":"https:\/\/www.playabrava.com\/es\/#organization","name":"Camping Platja Brava","url":"https:\/\/www.playabrava.com\/es\/","logo":{"@type":"ImageObject","inLanguage":"es","@id":"https:\/\/www.playabrava.com\/es\/#\/schema\/logo\/image\/","url":"https:\/\/www.playabrava.com\/wp-content\/uploads\/cropped-logo-platjabrava.png","contentUrl":"https:\/\/www.playabrava.com\/wp-content\/uploads\/cropped-logo-platjabrava.png","width":250,"height":50,"caption":"Camping Platja Brava"},"image":{"@id":"https:\/\/www.playabrava.com\/es\/#\/schema\/logo\/image\/"},"sameAs":["https:\/\/www.facebook.com\/campingpals","https:\/\/www.instagram.com\/campingplatjabrava\/","https:\/\/www.youtube.com\/@campingplayabrava1369","https:\/\/www.tripadvisor.es\/Hotel_Review-g580332-d1195447-Reviews-Camping_Bungalows_Platja_Brava-Pals_Costa_Brava_Province_of_Girona_Catalonia.html"]}]}},"_links":{"self":[{"href":"https:\/\/www.playabrava.com\/es\/wp-json\/wp\/v2\/pages\/6955","targetHints":{"allow":["GET"]}}],"collection":[{"href":"https:\/\/www.playabrava.com\/es\/wp-json\/wp\/v2\/pages"}],"about":[{"href":"https:\/\/www.playabrava.com\/es\/wp-json\/wp\/v2\/types\/page"}],"author":[{"embeddable":true,"href":"https:\/\/www.playabrava.com\/es\/wp-json\/wp\/v2\/users\/2"}],"replies":[{"embeddable":true,"href":"https:\/\/www.playabrava.com\/es\/wp-json\/wp\/v2\/comments?post=6955"}],"version-history":[{"count":3,"href":"https:\/\/www.playabrava.com\/es\/wp-json\/wp\/v2\/pages\/6955\/revisions"}],"predecessor-version":[{"id":22029,"href":"https:\/\/www.playabrava.com\/es\/wp-json\/wp\/v2\/pages\/6955\/revisions\/22029"}],"up":[{"embeddable":true,"href":"https:\/\/www.playabrava.com\/es\/wp-json\/wp\/v2\/pages\/6940"}],"wp:attachment":[{"href":"https:\/\/www.playabrava.com\/es\/wp-json\/wp\/v2\/media?parent=6955"}],"curies":[{"name":"wp","href":"https:\/\/api.w.org\/{rel}","templated":true}]}}